{"id":734,"date":"2020-05-05T16:01:30","date_gmt":"2020-05-05T14:01:30","guid":{"rendered":"https:\/\/gymnasium-eckhorst.de\/homepage\/?page_id=734"},"modified":"2025-06-06T13:44:54","modified_gmt":"2025-06-06T11:44:54","slug":"schulprogramm","status":"publish","type":"page","link":"https:\/\/gymnasium-eckhorst.de\/homepage\/schulprogramm\/","title":{"rendered":"Schulprogramm"},"content":{"rendered":"\n<div class=\"wp-block-columns alignwide is-layout-flex wp-container-core-columns-is-layout-9d6595d7 wp-block-columns-is-layout-flex\">\n<div class=\"wp-block-column is-layout-flow wp-block-column-is-layout-flow\" style=\"flex-basis:80%\">\n<h4 class=\"wp-block-heading\">Einleitung<\/h4>\n\n\n\n<p>Schule nimmt eine wichtige Rolle f\u00fcr die Vermittlung von Bildung, Normen und Werten ein. Angesichts einer zunehmend komplex erscheinenden Umwelt hat sie die Aufgabe, sich auf das st\u00e4ndig ver\u00e4ndernde Umfeld einzustellen und die Sch\u00fcler*innen auf die berufliche, gesellschaftliche und politische Zukunft vorzubereiten.<br><br>Mit dieser Brosch\u00fcre m\u00f6chten wir Ihnen das Schulprogramm des Gymnasium Eckhorst in einer Kurzfassung vorstellen und Ihnen einen \u00dcberblick \u00fcber die Ziele und Schwerpunkte unserer Schule geben.<\/p>\n\n\n\n<h4 class=\"wp-block-heading\">Ziele und Leitgedanken<\/h4>\n\n\n\n<p><strong>Demokratief\u00e4higkeit<\/strong><br>Wir m\u00f6chten die Akzeptanz von Mehrheitsentscheidungen bei Respekt vor der Minderheit erreichen. Im Umgang miteinander sind demokratische Strukturen Voraussetzung, um glaubw\u00fcrdig und \u00fcberzeugend zu sein. Ziel ist es, die F\u00e4higkeiten und Grenzen der eigenen wie auch die der anderen Personen zu erkennen und zu w\u00fcrdigen. Denn dies ist innerhalb und au\u00dferhalb der Schule ein wichtiges Element der Gesellschaftsf\u00e4higkeit.<br><br><strong>Kommunikationsf\u00e4higkeit<\/strong><br>Schriftliche und m\u00fcndliche Kommunikationsf\u00e4higkeit ist eine notwendige Voraussetzung f\u00fcr jedes Miteinander. Das bedeutet, sachbezogen, partnerorientiert und situationsgerecht Gedanken austauschen und dabei einander aktiv zuh\u00f6ren zu k\u00f6nnen.<br><br><strong>Konfliktf\u00e4higkeit<\/strong><br>Da in einer Schule viele verschiedene Pers\u00f6nlichkeiten aufeinander treffen, sind Konflikte unvermeidlich. Wir bem\u00fchen uns, diese in gegenseitigem Respekt zu l\u00f6sen und uns dabei kompromissf\u00e4hig zu verhalten.<br><br><strong>Teamf\u00e4higkeit<\/strong><br>Im Team arbeiten hei\u00dft einerseits, auf andere R\u00fccksicht zu nehmen und auch die eigene Person in Frage zu stellen, andererseits aber auch, die eigene Meinung selbstbewusst zu vertreten. Um in den entsprechenden Situationen richtig zu handeln, muss Teamarbeit immer wieder einge\u00fcbt werden.<br><br><strong>Leistungsbereitschaft<\/strong><br>Die Sch\u00fcler*innen werden altersgerecht zum selbstst\u00e4ndigen Lernen und selbstorganisierten Arbeiten hingef\u00fchrt. Um dies gut umsetzen zu k\u00f6nnen, lernen die Sch\u00fcler*innen vielf\u00e4ltige Methoden des Unterrichts kennen: Unterrichtsgespr\u00e4che, Gruppenarbeit, Freiarbeit, Frontalunterricht und die Arbeit mit neuen Medien. Diese Abwechslung weckt und f\u00f6rdert die Motivation zum Lernen.<br><br>Den Sch\u00fcler*innen wird ihr Lern- und Leistungsstand in regelm\u00e4\u00dfigen Abst\u00e4nden mitgeteilt, um sich richtig einsch\u00e4tzen zu k\u00f6nnen. Notengebung und Leistungsbewertung sind so nachvollziehbar.<\/p>\n\n\n\n<h4 class=\"wp-block-heading has-text-align-left\">Programmatische Schwerpunkte<\/h4>\n\n\n\n<p><strong>Schule als Kulturtr\u00e4ger<\/strong><br>Unsere Schule bietet ein Forum f\u00fcr vielf\u00e4ltige schulische und au\u00dferschulische Aktivit\u00e4ten im sportlichen und k\u00fcnstlerischen Bereich. Sportveranstaltungen, Theater- und Musicalvorf\u00fchrungen j\u00fcngerer und \u00e4lterer Sch\u00fcler*innen, Chor- und Orchesterkonzerte, bei denen Sch\u00fcler*innen, Lehrer*innen und Eltern zusammen singen und musizieren, gemeinsam gestaltete Weihnachts- und Sommerfeiern, Autorenlesungen und Ausstellungen sind Bestandteil des schulischen Lebens und erweitern damit das Kulturangebot im Raum Bargteheide.<br><br><strong>Sprachenangebot<\/strong><br>\u00dcber das Standardangebot eines neusprachlichen Gymnasiums mit Englisch als 1., Franz\u00f6sisch bzw. Latein als 2.\/3. Fremdsprache hinaus, wird Spanisch* ab Klasse 11 angeboten. Im Fach Franz\u00f6sisch k\u00f6nnen Sch\u00fclerinnen das \u201eDipl\u00f4me d&#8217;\u00c9tudes en Langue Fran\u00e7aise\u201c (DELF) erwerben und im Rahmen einer AG\u00a0Italienisch erlernen.<br><br><strong>Naturwissenschaften<\/strong><br>Wir wecken und f\u00f6rdern das Interesse der Sch\u00fcler*innen f\u00fcr Naturwissenschaften durch zahlreiche AGs. Bereits f\u00fcr die Orientierungsstufe bieten wir AGs in den F\u00e4chern Biologie, Physik und Chemie sowie in Mathematik und Informatik an. Wir ermutigen und unterst\u00fctzen die Teilnahme von Sch\u00fcler*innen an naturwissenschaftlich-mathematischen Wettbewerben und bauen den Kontakt zu den Universit\u00e4ten und zu Unternehmen weiter aus.<br><br><strong>Neue Medien<\/strong><br>Unsere gute PC-Ausstattung erm\u00f6glicht es uns, Sch\u00fcler*innen mit den verschiedenen Anwendungsm\u00f6glichkeiten der neuen Medien vertraut zu machen. Von der Informationsbeschaffung, der Textverarbeitung, dem Einsatz moderner Pr\u00e4sentationsformen bis hin zur Programmierung er\u00f6ffnen wir ihnen Wege, sich die neuen Medien zu erschlie\u00dfen.<br>Anstrengungen in dieser Richtung sollen in Zukunft verst\u00e4rkt werden. Zudem legen wir gro\u00dfen Wert auf eine qualifizierte Lehrerfortbildung in diesem Bereich.<\/p>\n\n\n\n<p><strong>Bildung f\u00fcr nachhaltige Entwicklung<\/strong><br>Als zertifizierte Zukunftsschule des Landes Schleswig-Holstein identifizieren wir uns f\u00e4cher\u00fcbergreifend mit dem Konzept Bildung f\u00fcr nachhaltige Entwicklung (BNE) und streben im Rhythmus von zwei Schuljahren jeweils eine Rezertifizierung an.<br><br><strong>Wirtschaft<\/strong><br>Als einen wichtigen thematischen Schwerpunkt bietet unsere Schule ab der Mittelstufe diverse M\u00f6glichkeiten sich beruflich zu informieren und zu orientieren (Kontakte zum Berufsinformationszentrum \u2013 BIZ, Planspiel B\u00f6rse, schulinterne Berufsb\u00f6rse). Durch das Betriebspraktikum in Klasse 10 und das Wirtschaftspraktikum im 12. Jahrgang werden erste Kontakte zur Berufswelt gekn\u00fcpft.<\/p>\n\n\n\n<h4 class=\"wp-block-heading\">Stufenbezogene Schwerpunkte<\/h4>\n\n\n\n<p><strong>Orientierungsstufe<\/strong><br>Unsere neuen Sch\u00fcler*innen sollen m\u00f6glichst schnell ihren Platz in sozialer, fachlicher und r\u00e4umlicher Hinsicht finden. Als Erstes sollen sie ein Wir-Gef\u00fchl in ihrer Klasse entwickeln. In fachlicher Hinsicht geht es um individuelle Forderung und F\u00f6rderung.<br>Dazu haben wir eine Reihe von Ma\u00dfnahmen entwickelt:<\/p>\n\n\n\n<ul class=\"wp-block-list\">\n<li>drei Eingew\u00f6hnungstage mit Klassenlehrern und Paten<\/li>\n\n\n\n<li>Klassenfahrt Ende der 5. Klasse oder Anfang der 6.Klasse<\/li>\n\n\n\n<li>zahlreiche AG-Angebote (z.B. Sport, Theater, Biologie, Chemie, Computer)<\/li>\n\n\n\n<li>Bastel- und Backnachmittage<\/li>\n\n\n\n<li>Stufenfeste<\/li>\n\n\n\n<li>F\u00f6rderangebote in den Hauptf\u00e4chern f\u00fcr besonders begabte oder unterst\u00fctzungsbed\u00fcrftige Sch\u00fclerinnen<\/li>\n\n\n\n<li>Teilnahme an Wettbewerben, z.B. Mathe-Olympiade<\/li>\n<\/ul>\n\n\n\n<p>Unsere Ziele f\u00fcr die Zukunft:<\/p>\n\n\n\n<ul class=\"wp-block-list\">\n<li>gemeinsame Schulprojekte<\/li>\n\n\n\n<li>Spendenprojekte als feste Einrichtung<\/li>\n\n\n\n<li>Sch\u00fclervertretung der Unterstufe<\/li>\n<\/ul>\n\n\n\n<p><strong>Mittelstufe<\/strong><br>In der Mittelstufe werden die kognitiven F\u00e4higkeiten der Sch\u00fcler*innen \u2013 aufbauend auf der Orientierungsstufe \u2013 weiterentwickelt. Die Arbeit in dieser Stufe ist gepr\u00e4gt durch die besondere Entwicklungsphase der Sch\u00fclerinnen (Abgrenzung vom Elternhaus; das Herausbilden eines eigenen Weges), die von schulischer Seite verst\u00e4ndnisvoll begleitet werden soll. Dabei stehen die wachsende Selbstst\u00e4ndigkeit und Pers\u00f6nlichkeitsentfaltung der Sch\u00fclerInnen im Vordergrund.<br><br>Die Schule reagiert darauf mit:<\/p>\n\n\n\n<ul class=\"wp-block-list\">\n<li>einem breiteren F\u00e4cherangebot, das durch ein vielseitiges AG-Angebot erg\u00e4nzt wird, und best\u00e4rkt so die Sch\u00fcler*innen in ihrer Suche nach eigener Orientierung.<\/li>\n\n\n\n<li>einer verst\u00e4rkten \u00d6ffnung nach au\u00dfen, die sich beispielsweise in einem breiten Austauschprogramm und einer ersten beruflichen Orientierung konkretisiert.<\/li>\n\n\n\n<li>der Einbindung der Sch\u00fclerInnen in soziale Verantwortung. Dies geschieht z.B. in der Durchf\u00fchrung von (Sucht-)Pr\u00e4ventionsma\u00dfnahmen oder durch die (freiwillige) \u00dcbernahme von festen Patenschaften f\u00fcr 5. und 6. Klassen.<\/li>\n<\/ul>\n\n\n\n<p>Unsere Ziele f\u00fcr die Zukunft sind z.B.:<\/p>\n\n\n\n<ul class=\"wp-block-list\">\n<li>eine Erweiterung des bestehenden AG-Angebots in bestimmten Bereichen (EDV, Wirtschaft\/Politik, Naturwissenschaften)<\/li>\n\n\n\n<li>ein Ausbau der Teilnahme an mathematisch-naturwissen-schaftlichen und politisch-geschichtlichen Wettbewerben<\/li>\n\n\n\n<li>eine \u201ebetreute Mittelstufe\u201c (erste Stunden, \u00dcbergangszeit zwischen Mittagspause und AG-Beginn)<\/li>\n\n\n\n<li>der (verst\u00e4rkte) Einsatz f\u00fcr karitative Institutionen, das Heranf\u00fchren an ein Ehrenamt,<\/li>\n\n\n\n<li>die Einrichtung von weiteren Computerarbeitspl\u00e4tzen f\u00fcr Sch\u00fclerinnen in einzelnen Klassenr\u00e4umen<\/li>\n<\/ul>\n\n\n\n<p><strong>Oberstufe<\/strong><br>Prim\u00e4r dient die Arbeit in der Oberstufe dem Erwerb der allgemeinen Hochschulreife bzw. der F\u00e4higkeit, eine vom Anspruchsniveau vergleichbare Berufsausbildung aufzunehmen. Neben der zu vermittelnden \u201eallgemeinen Bildung\u201c geh\u00f6rt auch die Ausbildung der Pers\u00f6nlichkeit zu einem eigenst\u00e4ndig denkenden und handelnden m\u00fcndigen B\u00fcrger, der f\u00e4hig und bereit ist, in einer demokratischen Gesellschaft konstruktiv mitzuwirken.<br><br>Was bezwecken wir im Einzelnen und was tun wir:<\/p>\n\n\n\n<ul class=\"wp-block-list\">\n<li>Intensivierung von Sach- und Methodenkompetenzen<\/li>\n\n\n\n<li>selbstst\u00e4ndige Erarbeitung von Themen<\/li>\n\n\n\n<li>Erg\u00e4nzung der theoretischen Bearbeitung im Unterricht durch Exkursionen, Besichtigung von Ausstellungen oder Museen<\/li>\n\n\n\n<li>Einbringen eigener Gedanken und Gestaltungsabsichten in die kritische Auseinandersetzung mit unterrichtlichen, schulischen, aber auch gesellschaftlichen Problemen<\/li>\n\n\n\n<li>St\u00e4rkung der kommunikativen Kompetenz (Sprache, Musik, Kunst) im Unterricht, durch Theater- und Konzertbesuche sowie Studienfahrten und Sch\u00fcleraustausch (Italien, Estland)<\/li>\n\n\n\n<li>Erfassen und Verstehen von Bedeutung und Funktion der durch formalanalytisches Denken gepr\u00e4gten technischen Welt<\/li>\n\n\n\n<li>Strukturieren komplexer Ph\u00e4nomene der Natur und Mathematik (z.B. Methoden der Informationstechnologie, \u201eJugend forscht\u201c)<\/li>\n\n\n\n<li>F\u00f6rderung von Selbstkompetenz als Einzelperson und als m\u00fcndiger Staatsb\u00fcrger<\/li>\n<\/ul>\n\n\n\n<p>Ein Wirtschaftspraktikum (12. Jg.) gibt den Sch\u00fcler*innen die M\u00f6glichkeit, weitere Einblicke in wirtschaftliche Zusammenh\u00e4nge und erste Erfahrungen mit dem Berufsleben zu bekommen. Zur Medienkompetenz geh\u00f6rt die F\u00e4higkeit, Medien (z.B. Schulbibliothek, Internet, Presse, Fernsehen) sinnvoll und kritisch zu handhaben.<br><br>Wenn wir unsere Sch\u00fclerInnen entlassen, sollen sie dar\u00fcber hinaus folgende F\u00e4higkeiten besitzen:<\/p>\n\n\n\n<ul class=\"wp-block-list\">\n<li>in kleinen Gruppen zusammenarbeiten<\/li>\n\n\n\n<li>eigene Interessen vertreten ohne sie zu verabsolutieren<\/li>\n\n\n\n<li>Probleme l\u00f6sen und Konflikte produktiv austragen<\/li>\n<\/ul>\n\n\n\n<p>Wir f\u00f6rdern deshalb auch die Mitarbeit und das Engagement der Sch\u00fcler*innen in der Sch\u00fclervertretung, in Aussch\u00fcssen und in Konferenzen (z.B. Schulkonferenz).<br><br>Unsere Ziele f\u00fcr die Zukunft:<\/p>\n\n\n\n<ul class=\"wp-block-list\">\n<li>verst\u00e4rkter Einsatz moderner Medien<\/li>\n\n\n\n<li>Bewerbungstraining<\/li>\n\n\n\n<li>Rhetorikschulung<\/li>\n\n\n\n<li>verst\u00e4rkte Teilnahme an Wettbewerben<\/li>\n\n\n\n<li>engere Kooperation von Schule und Wirtschaft<\/li>\n<\/ul>\n\n\n\n<p><strong>Lehrer*innenausbildung<\/strong><br>Das Gymnasium Eckhorst in Bargteheide als Ausbildungsschule m\u00f6chte mit seinen Mentor*innen, der Schulleitung sowie dem gesamten Kollegium die Lehrkr\u00e4fte in ihrer Ausbildung gem. der OVP (Ausbildungs- und Pr\u00fcfungsordnung Lehrkr\u00e4fte II) begleiten und qualifizieren.<br><br><em>Diese Kurzfassung des Schulprogramms wurde gemeinsam von Sch\u00fclern, Lehrern und Eltern im P\u00e4dagogischen Ausschuss erarbeitet und von der Schulkonferenz genehmigt.<br><\/em><br>Stand 20.2.2019<\/p>\n<\/div>\n\n\n\n<div class=\"wp-block-column is-layout-flow wp-block-column-is-layout-flow\" style=\"flex-basis:20%\"><\/div>\n<\/div>\n","protected":false},"excerpt":{"rendered":"<p>Einleitung Schule nimmt eine wichtige Rolle f\u00fcr die Vermittlung von Bildung, Normen und Werten ein. Angesichts einer zunehmend komplex erscheinenden Umwelt hat sie die Aufgabe, sich auf das st\u00e4ndig ver\u00e4ndernde Umfeld einzustellen und die Sch\u00fcler*innen auf die berufliche, gesellschaftliche und politische Zukunft vorzubereiten. Mit dieser Brosch\u00fcre m\u00f6chten wir Ihnen das Schulprogramm des Gymnasium Eckhorst in [&hellip;]<\/p>\n","protected":false},"author":17,"featured_media":0,"parent":0,"menu_order":0,"comment_status":"closed","ping_status":"closed","template":"","meta":{"footnotes":""},"class_list":["post-734","page","type-page","status-publish","hentry"],"_links":{"self":[{"href":"https:\/\/gymnasium-eckhorst.de\/homepage\/wp-json\/wp\/v2\/pages\/734","targetHints":{"allow":["GET"]}}],"collection":[{"href":"https:\/\/gymnasium-eckhorst.de\/homepage\/wp-json\/wp\/v2\/pages"}],"about":[{"href":"https:\/\/gymnasium-eckhorst.de\/homepage\/wp-json\/wp\/v2\/types\/page"}],"author":[{"embeddable":true,"href":"https:\/\/gymnasium-eckhorst.de\/homepage\/wp-json\/wp\/v2\/users\/17"}],"replies":[{"embeddable":true,"href":"https:\/\/gymnasium-eckhorst.de\/homepage\/wp-json\/wp\/v2\/comments?post=734"}],"version-history":[{"count":6,"href":"https:\/\/gymnasium-eckhorst.de\/homepage\/wp-json\/wp\/v2\/pages\/734\/revisions"}],"predecessor-version":[{"id":17119,"href":"https:\/\/gymnasium-eckhorst.de\/homepage\/wp-json\/wp\/v2\/pages\/734\/revisions\/17119"}],"wp:attachment":[{"href":"https:\/\/gymnasium-eckhorst.de\/homepage\/wp-json\/wp\/v2\/media?parent=734"}],"curies":[{"name":"wp","href":"https:\/\/api.w.org\/{rel}","templated":true}]}}