{"id":2892,"date":"2021-01-11T16:59:27","date_gmt":"2021-01-11T15:59:27","guid":{"rendered":"https:\/\/gymnasium-eckhorst.de\/homepage\/?page_id=2892"},"modified":"2022-11-11T16:16:51","modified_gmt":"2022-11-11T15:16:51","slug":"beitraege-aus-dem-medienunterricht","status":"publish","type":"page","link":"https:\/\/gymnasium-eckhorst.de\/homepage\/beitraege-aus-dem-medienunterricht\/","title":{"rendered":"Beitr\u00e4ge aus dem Medienunterricht"},"content":{"rendered":"\n<div class=\"wp-block-columns alignwide is-layout-flex wp-container-core-columns-is-layout-9d6595d7 wp-block-columns-is-layout-flex\">\n<div class=\"wp-block-column is-layout-flow wp-block-column-is-layout-flow\" style=\"flex-basis:99%\">\n<h2 class=\"wp-block-heading\">Corona am Gymnasium Eckhorst<\/h2>\n\n\n\n<p>Auf der ganzen Welt hat die Corona Pandemie vieles ver\u00e4ndert. Auch hier bei uns am Eckhorst. Deshalb wurden vom Ministerium einige Ma\u00dfnahmen festgelegt, um die Verbreitung des Corona Virus weiter einzud\u00e4mmen. Wie zum Beispiel l\u00fcften, Abstand halten und das Tragen einer Maske. Hierzu haben wir einige Sch\u00fcler*innen und Lehrer*innen befragt.<br>Lara (10) aus der 5c ist der Meinung, dass die Corona Ma\u00dfnahmen ertragbar sind. Auch wenn die Masken zum Beispiel im Sport Unterricht oder drau\u00dfen sehr nervig sind. Noah (14) aus der 9b meint: \u201eDie Ma\u00dfnahmen sind sinnvoll, aber dass sich einige Leute nicht daran halten erf\u00fcllt nicht den Sinn und Zweck der Sache.\u201c<br>Wir haben auch eine Meinung aus Lehrersicht von Frau Wulfmeyer bekommen. Sie sprach als erstes ein Lob an alle Sch\u00fcler*innen und Lehrer*innen aus, die sich<br>konsequent an die Ma\u00dfnahmen halten. Au\u00dferdem meinte sie, dass wir uns hier am Eckhorst noch im \u201eLand der Gl\u00fcckseligkeit\u201c bef\u00e4nden auf Grund der wenigen Corona-F\u00e4lle. Au\u00dferdem erz\u00e4hlte sie uns, dass die Bargteheider Schulen mit der Stadt im Gespr\u00e4ch w\u00e4ren, um L\u00f6sungen hinsichtlich der \u00fcberf\u00fcllten Schulbusse und den \u00fcberf\u00fcllten Bushaltestellen zu finden. Frau Wulfmeyer w\u00fcnscht sich allerdings, dass sich die Sch\u00fcler*innen auch im privaten Raum an die Ma\u00dfnahmen halten, auch wenn sie Verst\u00e4ndnis daf\u00fcr habe, wenn man sich im famili\u00e4ren Kreis weiter trifft oder zum Beispiel nachmittags seinem Hobby nachgeht, \u201eda Menschen soziale Kontakte brauchen, weil sie ansonsten verk\u00fcmmern\u201c. Allerdings habe sie absolut kein Verst\u00e4ndnis daf\u00fcr, wenn sich Sch\u00fcler*innen abends zu \u201ewilden Partys\u201c treffen und dann unkontrolliert Alkohol flie\u00dft. Auf die Frage, was sie machen w\u00fcrde, wenn es vom Ministerium keine Vorgaben g\u00e4be, entgegnete sie, dass sie bei dem leisesten Verdacht auf Corona den Sch\u00fcler oder die Sch\u00fclerin direkt nach Hause schicken w\u00fcrde, um weitere m\u00f6gliche Verbreitung zu vermeiden. Zudem w\u00fcrde sie, wenn sie genug Geld h\u00e4tte, Luftfilter verpflichtend in alle Klassen einbauen lassen und CO2 Messger\u00e4te.<\/p>\n\n\n\n<p><br>Alles in allem sind wir sehr froh, dass wir das Virus mit unseren Ma\u00dfnahmen hier am Eckhorst weitesgehend vermeiden k\u00f6nnen. Klar sind die Ma\u00dfnahmen teilweise sehr nervig, vor allem das st\u00e4ndige L\u00fcften in dieser kalten Jahreszeit, aber im Gro\u00dfen und Ganzen st\u00fctzt es uns alle und somit auch unsere Familien.<\/p>\n\n\n\n<p><em>Maya und Linnea<\/em>, 29.01.21<\/p>\n<\/div>\n\n\n\n<div class=\"wp-block-column is-layout-flow wp-block-column-is-layout-flow\" style=\"flex-basis:1%\"><\/div>\n<\/div>\n\n\n\n<figure class=\"wp-block-image size-large\"><img fetchpriority=\"high\" decoding=\"async\" width=\"1024\" height=\"768\" src=\"https:\/\/gymnasium-eckhorst.de\/homepage\/wp-content\/uploads\/2021\/01\/Ilias-1-1024x768.png\" alt=\"\" class=\"wp-image-2977\" srcset=\"https:\/\/gymnasium-eckhorst.de\/homepage\/wp-content\/uploads\/2021\/01\/Ilias-1-1024x768.png 1024w, https:\/\/gymnasium-eckhorst.de\/homepage\/wp-content\/uploads\/2021\/01\/Ilias-1-300x225.png 300w, https:\/\/gymnasium-eckhorst.de\/homepage\/wp-content\/uploads\/2021\/01\/Ilias-1-768x576.png 768w, https:\/\/gymnasium-eckhorst.de\/homepage\/wp-content\/uploads\/2021\/01\/Ilias-1-1536x1151.png 1536w, https:\/\/gymnasium-eckhorst.de\/homepage\/wp-content\/uploads\/2021\/01\/Ilias-1-2048x1535.png 2048w, https:\/\/gymnasium-eckhorst.de\/homepage\/wp-content\/uploads\/2021\/01\/Ilias-1-1200x900.png 1200w, https:\/\/gymnasium-eckhorst.de\/homepage\/wp-content\/uploads\/2021\/01\/Ilias-1-1980x1484.png 1980w\" sizes=\"(max-width: 1024px) 100vw, 1024px\" \/><\/figure>\n\n\n\n<hr class=\"wp-block-separator has-css-opacity\"\/>\n","protected":false},"excerpt":{"rendered":"<p>Corona am Gymnasium Eckhorst Auf der ganzen Welt hat die Corona Pandemie vieles ver\u00e4ndert. Auch hier bei uns am Eckhorst. Deshalb wurden vom Ministerium einige Ma\u00dfnahmen festgelegt, um die Verbreitung des Corona Virus weiter einzud\u00e4mmen. Wie zum Beispiel l\u00fcften, Abstand halten und das Tragen einer Maske. Hierzu haben wir einige Sch\u00fcler*innen und Lehrer*innen befragt.Lara (10) [&hellip;]<\/p>\n","protected":false},"author":17,"featured_media":0,"parent":0,"menu_order":0,"comment_status":"closed","ping_status":"closed","template":"","meta":{"footnotes":""},"class_list":["post-2892","page","type-page","status-publish","hentry"],"_links":{"self":[{"href":"https:\/\/gymnasium-eckhorst.de\/homepage\/wp-json\/wp\/v2\/pages\/2892","targetHints":{"allow":["GET"]}}],"collection":[{"href":"https:\/\/gymnasium-eckhorst.de\/homepage\/wp-json\/wp\/v2\/pages"}],"about":[{"href":"https:\/\/gymnasium-eckhorst.de\/homepage\/wp-json\/wp\/v2\/types\/page"}],"author":[{"embeddable":true,"href":"https:\/\/gymnasium-eckhorst.de\/homepage\/wp-json\/wp\/v2\/users\/17"}],"replies":[{"embeddable":true,"href":"https:\/\/gymnasium-eckhorst.de\/homepage\/wp-json\/wp\/v2\/comments?post=2892"}],"version-history":[{"count":4,"href":"https:\/\/gymnasium-eckhorst.de\/homepage\/wp-json\/wp\/v2\/pages\/2892\/revisions"}],"predecessor-version":[{"id":5339,"href":"https:\/\/gymnasium-eckhorst.de\/homepage\/wp-json\/wp\/v2\/pages\/2892\/revisions\/5339"}],"wp:attachment":[{"href":"https:\/\/gymnasium-eckhorst.de\/homepage\/wp-json\/wp\/v2\/media?parent=2892"}],"curies":[{"name":"wp","href":"https:\/\/api.w.org\/{rel}","templated":true}]}}