{"id":2151,"date":"2020-10-22T16:22:08","date_gmt":"2020-10-22T14:22:08","guid":{"rendered":"https:\/\/gymnasium-eckhorst.de\/homepage\/?page_id=2151"},"modified":"2022-11-11T17:12:11","modified_gmt":"2022-11-11T16:12:11","slug":"zwei-faecher-modell","status":"publish","type":"page","link":"https:\/\/gymnasium-eckhorst.de\/homepage\/zwei-faecher-modell\/","title":{"rendered":"Zwei-F\u00e4cher-Modell"},"content":{"rendered":"\n<div class=\"wp-block-columns alignwide is-layout-flex wp-container-core-columns-is-layout-9d6595d7 wp-block-columns-is-layout-flex\">\n<div class=\"wp-block-column is-layout-flow wp-block-column-is-layout-flow\">\n<h4 class=\"wp-block-heading\">Was bedeutet das Zwei-F\u00e4cher-Modell?<\/h4>\n\n\n\n<p>Leistungsstarken Sch\u00fcler*innen der Oberstufe soll \u00fcber das Zwei-F\u00e4cher-Modell erm\u00f6glicht werden, zwei F\u00e4cher, die parallel liegen, abwechselnd zu besuchen. Der Besuch beider F\u00e4cher bedeutet, dass der\/die Sch\u00fcler*in regelm\u00e4\u00dfig abwechselnd am Unterricht bei der F\u00e4cher teilnimmt, die Klausuren des jeweiligen Faches schreibt und in beiden F\u00e4cher eine Leistung bescheinigt bekommt.<\/p>\n<\/div>\n\n\n\n<div class=\"wp-block-column is-layout-flow wp-block-column-is-layout-flow\">\n<h4 class=\"wp-block-heading\">Wie k\u00f6nnen Sch\u00fcler*innen am Zwei-F\u00e4cher-Modell teilnehmen?<\/h4>\n\n\n\n<p>Die Teilnahme wird von dem\/der Sch\u00fcler*in (bzw. den Erziehungsberechtigten) am Beginn des Schuljahres \u00fcber den jeweiligen Wahlbogen beantragt und in Absprache mit der Oberstufenleitung verbindlich festgelegt. Die Teilnahme erfolgt in der Regel f\u00fcr alle Schulhalbjahre der Oberstufe, mindestens jedoch f\u00fcr ein Halbjahr.<\/p>\n<\/div>\n<\/div>\n\n\n\n<div class=\"wp-block-columns alignwide is-layout-flex wp-container-core-columns-is-layout-9d6595d7 wp-block-columns-is-layout-flex\">\n<div class=\"wp-block-column is-layout-flow wp-block-column-is-layout-flow\">\n<h4 class=\"wp-block-heading\">Wann endet die Teilnahme am Zwei-F\u00e4cher-Modell?<\/h4>\n\n\n\n<p>Die Abwahl eines der F\u00e4cher erfolgt nach schriftlicher Antragstellung der Sch\u00fcler*innen (bzw. der Erziehungsberechtigten) zum Ende des jeweiligen Schulhalbjahres. Im Ausnahmefall (begr\u00fcndete \u00dcberlastung, drohender Notenabfall etc.) kann die Beendigung des Zwei-F\u00e4cher-Modells f\u00fcr das laufende Schulhalbjahr beantragt werden.<\/p>\n<\/div>\n\n\n\n<div class=\"wp-block-column is-layout-flow wp-block-column-is-layout-flow\">\n<h4 class=\"wp-block-heading\">Was bedeutet das Zwei-F\u00e4cher-Modell f\u00fcr die Beteiligten?<\/h4>\n\n\n\n<p>Sch\u00fcler*innen, die sich f\u00fcr das Zwei-F\u00e4cher-Modell entscheiden, m\u00fcssen verpasste <strong>Inhalte<\/strong> <strong>selbstst\u00e4ndig<\/strong> nacharbeiten; die betroffenen Fachlehrkr\u00e4fte stellen den Sch\u00fcler*innen das Material (Arbeitsbl\u00e4tter der verpassten Stunden) zur Verf\u00fcgung.<\/p>\n<\/div>\n<\/div>\n\n\n\n<p><em>Stand: September 2020, gez. Dahlke<\/em><\/p>\n","protected":false},"excerpt":{"rendered":"<p>Was bedeutet das Zwei-F\u00e4cher-Modell? Leistungsstarken Sch\u00fcler*innen der Oberstufe soll \u00fcber das Zwei-F\u00e4cher-Modell erm\u00f6glicht werden, zwei F\u00e4cher, die parallel liegen, abwechselnd zu besuchen. Der Besuch beider F\u00e4cher bedeutet, dass der\/die Sch\u00fcler*in regelm\u00e4\u00dfig abwechselnd am Unterricht bei der F\u00e4cher teilnimmt, die Klausuren des jeweiligen Faches schreibt und in beiden F\u00e4cher eine Leistung bescheinigt bekommt. Wie k\u00f6nnen Sch\u00fcler*innen [&hellip;]<\/p>\n","protected":false},"author":17,"featured_media":0,"parent":0,"menu_order":0,"comment_status":"closed","ping_status":"closed","template":"","meta":{"footnotes":""},"class_list":["post-2151","page","type-page","status-publish","hentry"],"_links":{"self":[{"href":"https:\/\/gymnasium-eckhorst.de\/homepage\/wp-json\/wp\/v2\/pages\/2151","targetHints":{"allow":["GET"]}}],"collection":[{"href":"https:\/\/gymnasium-eckhorst.de\/homepage\/wp-json\/wp\/v2\/pages"}],"about":[{"href":"https:\/\/gymnasium-eckhorst.de\/homepage\/wp-json\/wp\/v2\/types\/page"}],"author":[{"embeddable":true,"href":"https:\/\/gymnasium-eckhorst.de\/homepage\/wp-json\/wp\/v2\/users\/17"}],"replies":[{"embeddable":true,"href":"https:\/\/gymnasium-eckhorst.de\/homepage\/wp-json\/wp\/v2\/comments?post=2151"}],"version-history":[{"count":5,"href":"https:\/\/gymnasium-eckhorst.de\/homepage\/wp-json\/wp\/v2\/pages\/2151\/revisions"}],"predecessor-version":[{"id":5483,"href":"https:\/\/gymnasium-eckhorst.de\/homepage\/wp-json\/wp\/v2\/pages\/2151\/revisions\/5483"}],"wp:attachment":[{"href":"https:\/\/gymnasium-eckhorst.de\/homepage\/wp-json\/wp\/v2\/media?parent=2151"}],"curies":[{"name":"wp","href":"https:\/\/api.w.org\/{rel}","templated":true}]}}