{"id":1436,"date":"2020-07-26T14:45:04","date_gmt":"2020-07-26T12:45:04","guid":{"rendered":"https:\/\/gymnasium-eckhorst.de\/homepage\/?page_id=1436"},"modified":"2022-11-11T16:55:39","modified_gmt":"2022-11-11T15:55:39","slug":"medien","status":"publish","type":"page","link":"https:\/\/gymnasium-eckhorst.de\/homepage\/medien\/","title":{"rendered":"Medien"},"content":{"rendered":"\n<div class=\"wp-block-columns alignwide is-layout-flex wp-container-core-columns-is-layout-9d6595d7 wp-block-columns-is-layout-flex\">\n<div class=\"wp-block-column is-layout-flow wp-block-column-is-layout-flow\" style=\"flex-basis:85%\">\n<p>In Schleswig-Holstein wird Medienbildung als Querschnittsaufgabe in allen F\u00e4chern und nicht als einzelnes Fach unterrichtet. &#8222;Alle F\u00e4cher tragen verbindlich zum Erwerb der Medienkompetenz bei&#8220;, siehe Erg\u00e4nzung zu den <a href=\"https:\/\/lehrplan.lernnetz.de\/index.php?wahl=214\">Fachanforderungen<\/a>. So ist es auch am Gymnasium Eckhorst.<br>Gleichwohl haben wir aufgrund unserer speziellen Schwerpunktsetzung die M\u00f6glichkeit, besonders interessierten Sch\u00fcler*innen die Chance zur Vertiefung auch in speziellen Unterrichtsangboten bereit zu stellen:<\/p>\n<\/div>\n\n\n\n<div class=\"wp-block-column is-layout-flow wp-block-column-is-layout-flow\" style=\"flex-basis:15%\"><\/div>\n<\/div>\n\n\n\n<div class=\"wp-block-columns alignwide is-layout-flex wp-container-core-columns-is-layout-9d6595d7 wp-block-columns-is-layout-flex\">\n<div class=\"wp-block-column is-layout-flow wp-block-column-is-layout-flow\">\n<h4 class=\"wp-block-heading\">Orientierungsstufe<\/h4>\n\n\n\n<p>In Klasse 5.2 \/ 6.1 hat die Schulkonferenz zur Etablierung methodischer F\u00e4higkeiten und Fertigkeiten f\u00fcr den Fachunterricht mit digitalen Medien die verbindliche Medienstunde beschlossen. Der Unterricht soll einheitliche Mindest- Kompetenzen am Ende der Orientierungsstufe gew\u00e4hrleisten und findet in enger Anbindung an den Fachunterricht statt. Das Kurzkonzept der Medienstunde in Klasse 5.2 \/ 6.1 finden Sie <a href=\"https:\/\/gymnasium-eckhorst.de\/homepage\/kurzkonzept-medienstunde-5-6\/\" data-type=\"page\" data-id=\"1815\">hier<\/a>.<\/p>\n<\/div>\n\n\n\n<div class=\"wp-block-column is-layout-flow wp-block-column-is-layout-flow\">\n<h4 class=\"wp-block-heading\">Mittelstufe<\/h4>\n\n\n\n<p>Im Bereich der Wahlpflichtkurse in der Mittelstufe bieten wir den 2-j\u00e4hrigen Kurs &#8222;Mensch und Medien&#8220; an. Hierin wird nicht nur das eigene Mediennutzungsverhalten vorurteilsfrei als alltagskulturelle T\u00e4tigkeit reflektiert; den Sch\u00fcler*innen wird u.a. durch die \u00dcbernahme der Produzentenrolle ein vertiefender Zugang zur Poetologie von Medienprodukten erm\u00f6glicht und damit die M\u00f6glichkeit gegeben, eine souver\u00e4nen Haltung gegen\u00fcber medial gepr\u00e4gten Welt einzunehmen.<\/p>\n\n\n\n<p>Zu den f\u00fcr die Homepage erstellten <a href=\"https:\/\/gymnasium-eckhorst.de\/homepage\/beitraege-aus-dem-medienunterricht\/\" data-type=\"page\" data-id=\"2892\">Beitr\u00e4gen aus dem Medienunterricht.<\/a><\/p>\n<\/div>\n<\/div>\n\n\n\n<div class=\"wp-block-columns alignwide is-layout-flex wp-container-core-columns-is-layout-9d6595d7 wp-block-columns-is-layout-flex\">\n<div class=\"wp-block-column is-layout-flow wp-block-column-is-layout-flow\">\n<h4 class=\"wp-block-heading\">Oberstufe<\/h4>\n\n\n\n<p>Wir bieten nach M\u00f6glichkeit ein gesellschaftswissenschaftliches Profil mit Medienakzent (das so genannte &#8222;Medienprofil&#8220;) an. In E1 werden im profilerg\u00e4nzenden Fach unterschiedliche Methoden medialer Erarbeitung vertiefend behandelt. In Q1.2 sowie in Q2.1 folgen zwei eigenst\u00e4ndige Seminare zu ausgew\u00e4hlten Medienaspekten. Die Inhalte reichen dabei von der Produktion einer Live-TV-Sendung, \u00fcber die Konzeption von Radiofeatures oder die vertiefte Auseinandersetzung mit den Zusammenh\u00e4ngen von Medien, Wirtschaft und Politik bis hin zu einem Kurs im Bereich Projekt- und Veranstaltungsmanagment. Die Seminare bestehen stets aus einem Theorie- und einem vertieften Praxisteil.<\/p>\n<\/div>\n\n\n\n<div class=\"wp-block-column is-layout-flow wp-block-column-is-layout-flow\">\n<h4 class=\"wp-block-heading\">mehr M\u00f6glichkeiten<\/h4>\n\n\n\n<p>Im Bereich des Programmierens \/ der <a href=\"https:\/\/gymnasium-eckhorst.de\/homepage\/informatik\/\">Informatik<\/a> stehen interessierten Sch\u00fcler*innen ebenfalls spannenden und praxisorientierte Wahlpflichtkursangebote zur Wahl, die das unterrichtliche Angebot in der Oberstufe erg\u00e4nzen bzw. darauf vertiefend vorbereiten.<\/p>\n<\/div>\n<\/div>\n\n\n\n<div class=\"wp-block-columns alignwide is-layout-flex wp-container-core-columns-is-layout-9d6595d7 wp-block-columns-is-layout-flex\">\n<div class=\"wp-block-column is-layout-flow wp-block-column-is-layout-flow\" style=\"flex-basis:85%\">\n<p><br><br>In der Gestaltung der unterrichtlichen Angebote in der Mittel- und Oberstufe nutzen wir selbstverst\u00e4ndlich die M\u00f6glichkeiten unseres Lern- und Medienzentrums, arbeiten allerdings dar\u00fcber hinaus mit einem bew\u00e4hrten Netzwerk aus Projektpartnern zusammen, auf die wir insbesondere bei spezifischen Vertiefungen und und Exkursionen zur\u00fcckgreifen k\u00f6nnen, z.B. NDR, Medienanstalt Hamburg-Schleswig-Holstein, Werbeagenturen, s:hz-Verlag, TIDEtv, Offener Kanal Schleswig-Holstein, Radio Hamburg, Institut f\u00fcr Neue Deutsche Literatur und Medien an der CAU Kiel, Seminar f\u00fcr Medienbildung EU Flensburg, Landtag S.-H.<\/p>\n<\/div>\n\n\n\n<div class=\"wp-block-column is-layout-flow wp-block-column-is-layout-flow\" style=\"flex-basis:15%\"><\/div>\n<\/div>\n","protected":false},"excerpt":{"rendered":"<p>In Schleswig-Holstein wird Medienbildung als Querschnittsaufgabe in allen F\u00e4chern und nicht als einzelnes Fach unterrichtet. &#8222;Alle F\u00e4cher tragen verbindlich zum Erwerb der Medienkompetenz bei&#8220;, siehe Erg\u00e4nzung zu den Fachanforderungen. So ist es auch am Gymnasium Eckhorst.Gleichwohl haben wir aufgrund unserer speziellen Schwerpunktsetzung die M\u00f6glichkeit, besonders interessierten Sch\u00fcler*innen die Chance zur Vertiefung auch in speziellen Unterrichtsangboten [&hellip;]<\/p>\n","protected":false},"author":17,"featured_media":0,"parent":0,"menu_order":0,"comment_status":"closed","ping_status":"closed","template":"","meta":{"footnotes":""},"class_list":["post-1436","page","type-page","status-publish","hentry"],"_links":{"self":[{"href":"https:\/\/gymnasium-eckhorst.de\/homepage\/wp-json\/wp\/v2\/pages\/1436","targetHints":{"allow":["GET"]}}],"collection":[{"href":"https:\/\/gymnasium-eckhorst.de\/homepage\/wp-json\/wp\/v2\/pages"}],"about":[{"href":"https:\/\/gymnasium-eckhorst.de\/homepage\/wp-json\/wp\/v2\/types\/page"}],"author":[{"embeddable":true,"href":"https:\/\/gymnasium-eckhorst.de\/homepage\/wp-json\/wp\/v2\/users\/17"}],"replies":[{"embeddable":true,"href":"https:\/\/gymnasium-eckhorst.de\/homepage\/wp-json\/wp\/v2\/comments?post=1436"}],"version-history":[{"count":9,"href":"https:\/\/gymnasium-eckhorst.de\/homepage\/wp-json\/wp\/v2\/pages\/1436\/revisions"}],"predecessor-version":[{"id":5415,"href":"https:\/\/gymnasium-eckhorst.de\/homepage\/wp-json\/wp\/v2\/pages\/1436\/revisions\/5415"}],"wp:attachment":[{"href":"https:\/\/gymnasium-eckhorst.de\/homepage\/wp-json\/wp\/v2\/media?parent=1436"}],"curies":[{"name":"wp","href":"https:\/\/api.w.org\/{rel}","templated":true}]}}