{"id":1422,"date":"2020-07-26T13:49:07","date_gmt":"2020-07-26T11:49:07","guid":{"rendered":"https:\/\/gymnasium-eckhorst.de\/homepage\/?page_id=1422"},"modified":"2026-02-13T13:22:10","modified_gmt":"2026-02-13T12:22:10","slug":"lern-und-medienzentrum","status":"publish","type":"page","link":"https:\/\/gymnasium-eckhorst.de\/homepage\/lern-und-medienzentrum\/","title":{"rendered":"Lern- und Medienzentrum"},"content":{"rendered":"\n<div class=\"wp-block-columns alignwide is-layout-flex wp-container-core-columns-is-layout-9d6595d7 wp-block-columns-is-layout-flex\">\n<div class=\"wp-block-column is-layout-flow wp-block-column-is-layout-flow\" style=\"flex-basis:66.66%\">\n<h4 class=\"wp-block-heading\"><br>Unser LMZ<\/h4>\n\n\n\n<p>Seit 2013 hat Medienbildung in unserem \u00fcber 250 qm gro\u00dfen Lern- und Medienzentrum im wahrsten Sinne des Wortes &#8222;Raum&#8220; sowie Konzept, Methode und durchgehende Betreuung durch zur Zeit zwei FWD-Kr\u00e4fte unter der Leitung des schulfachlichen Koordinators (<a href=\"mailto:michael.schwarz@schule-sh.de\" target=\"_blank\" rel=\"noreferrer noopener\">Kontakt<\/a>). Initiiert werden konnte es seinerzeit als Leuchttummodel der Medienanstalt Hamburg\/Schleswig-Holstein f\u00fcr nachhaltige und umf\u00e4ngliche Medienbildung an Schulen. Seitdem ist es mehrfach ausgezeichnet und st\u00e4ndig mit Unterst\u00fctzung externer Bildungspartner personell und konzeptionell weiterentwickelt worden.<\/p>\n<\/div>\n\n\n\n<div class=\"wp-block-column is-layout-flow wp-block-column-is-layout-flow\" style=\"flex-basis:33.33%\"><div class=\"wp-block-image\">\n<figure class=\"aligncenter size-large is-resized\"><img fetchpriority=\"high\" decoding=\"async\" width=\"1024\" height=\"683\" src=\"https:\/\/gymnasium-eckhorst.de\/homepage\/wp-content\/uploads\/2020\/07\/IMG_9116-1024x683.jpg\" alt=\"\" class=\"wp-image-1477\" style=\"width:378px;height:253px\" srcset=\"https:\/\/gymnasium-eckhorst.de\/homepage\/wp-content\/uploads\/2020\/07\/IMG_9116-1024x683.jpg 1024w, https:\/\/gymnasium-eckhorst.de\/homepage\/wp-content\/uploads\/2020\/07\/IMG_9116-300x200.jpg 300w, https:\/\/gymnasium-eckhorst.de\/homepage\/wp-content\/uploads\/2020\/07\/IMG_9116-768x512.jpg 768w, https:\/\/gymnasium-eckhorst.de\/homepage\/wp-content\/uploads\/2020\/07\/IMG_9116-1536x1024.jpg 1536w, https:\/\/gymnasium-eckhorst.de\/homepage\/wp-content\/uploads\/2020\/07\/IMG_9116-2048x1365.jpg 2048w, https:\/\/gymnasium-eckhorst.de\/homepage\/wp-content\/uploads\/2020\/07\/IMG_9116-1200x800.jpg 1200w, https:\/\/gymnasium-eckhorst.de\/homepage\/wp-content\/uploads\/2020\/07\/IMG_9116-1980x1320.jpg 1980w\" sizes=\"(max-width: 1024px) 100vw, 1024px\" \/><\/figure>\n<\/div><\/div>\n<\/div>\n\n\n<div  id=\"_ytid_27868\" class=\"__youtube_prefs__  __youtube_prefs_gdpr__ \" allowfullscreen data-no-lazy=\"1\" data-skipgform_ajax_framebjll=\"\"><p><strong>Wir ben\u00f6tigen Ihre Zustimmung, um Ihnen dieses Video zeigen zu k\u00f6nnen.<\/strong><\/p>\n<p>Wenn Sie dieses Video ansehen, erkl\u00e4ren Sie sich damit einverstanden, Cookies und Daten von Youtube\/Google zu laden, was die \u00dcbermittlung Ihrer IP-Adresse voraussetzt. Genauere Informationen finden Sie hier:<\/p>\n<p><a href=\"https:\/\/policies.google.com\/privacy\" target=\"_blank\" rel=\"noopener\">YouTube\/Google Datenschutzerkl\u00e4rung<\/a><\/p>\n<p>Wenn Sie akzeptieren, wird Ihre Zustimmung \u00fcber einen Cookie gespeichert und die Seite wird neu geladen.<\/p>\n<button type=\"button\" class=\"__youtube_prefs_gdpr__\">Akzeptieren<img decoding=\"async\" src=\"https:\/\/gymnasium-eckhorst.de\/homepage\/wp-content\/plugins\/youtube-embed-plus\/images\/icon-check.png\" alt=\"accept\" data-no-lazy=\"1\" data-skipgform_ajax_framebjll=\"\" \/><\/button><\/div>\n\n\n<div class=\"wp-block-columns alignwide is-layout-flex wp-container-core-columns-is-layout-9d6595d7 wp-block-columns-is-layout-flex\">\n<div class=\"wp-block-column is-layout-flow wp-block-column-is-layout-flow\" style=\"flex-basis:33.33%\"><div class=\"wp-block-image\">\n<figure class=\"aligncenter size-large is-resized\"><img decoding=\"async\" width=\"1024\" height=\"683\" src=\"https:\/\/gymnasium-eckhorst.de\/homepage\/wp-content\/uploads\/2020\/07\/IMG_9067-1024x683.jpg\" alt=\"\" class=\"wp-image-1478\" style=\"width:387px;height:258px\" srcset=\"https:\/\/gymnasium-eckhorst.de\/homepage\/wp-content\/uploads\/2020\/07\/IMG_9067-1024x683.jpg 1024w, https:\/\/gymnasium-eckhorst.de\/homepage\/wp-content\/uploads\/2020\/07\/IMG_9067-300x200.jpg 300w, https:\/\/gymnasium-eckhorst.de\/homepage\/wp-content\/uploads\/2020\/07\/IMG_9067-768x512.jpg 768w, https:\/\/gymnasium-eckhorst.de\/homepage\/wp-content\/uploads\/2020\/07\/IMG_9067-1536x1024.jpg 1536w, https:\/\/gymnasium-eckhorst.de\/homepage\/wp-content\/uploads\/2020\/07\/IMG_9067-2048x1365.jpg 2048w, https:\/\/gymnasium-eckhorst.de\/homepage\/wp-content\/uploads\/2020\/07\/IMG_9067-1200x800.jpg 1200w, https:\/\/gymnasium-eckhorst.de\/homepage\/wp-content\/uploads\/2020\/07\/IMG_9067-1980x1320.jpg 1980w\" sizes=\"(max-width: 1024px) 100vw, 1024px\" \/><\/figure>\n<\/div><\/div>\n\n\n\n<div class=\"wp-block-column is-layout-flow wp-block-column-is-layout-flow\" style=\"flex-basis:66.66%\">\n<p><br><br>Hier<br>&#8211; treffen alte Medien auf neue<br>&#8211; wird mit bester Ausstattung organisch in den Schulalltag integriert &#8222;mit und \u00fcber Medien&#8220; gelernt<br>&#8211; finden Sch\u00fcler*innen und Lehrkr\u00e4fte den ganzen Schultag lang auf versierte Ansprechpartner*innen bei Fragen und Problemen rund um Technik, Recherche und Pr\u00e4sentation<br>&#8211; finden unsere Medienkompetenzprojekte und die Juleica-Ausbildungen statt<br>&#8211; werden in den sendef\u00e4higen Studios TV- und Radio-Sendungen f\u00fcr Unterricht und AGs produziert<br>&#8211; gibt es ein Kino, Seminarraum und Stillarbeitszone<br>&#8211; laufen die F\u00e4den zur Wartung, Weiterentwicklung und Neubeschaffungen von technischem Ger\u00e4t zusammen<\/p>\n<\/div>\n<\/div>\n\n\n\n<p>Zum 10-j\u00e4hrigen Jubil\u00e4um ist das Lern-und Medienzentrum 2024 um eine moderne Pr\u00e4sentationsarena inmitten inspirierender B\u00fccherw\u00e4nde sowie eine 3D-Drucker-Station erweitert worden.<\/p>\n\n\n\n<div class=\"wp-block-columns alignwide is-layout-flex wp-container-core-columns-is-layout-9d6595d7 wp-block-columns-is-layout-flex\">\n<div class=\"wp-block-column is-layout-flow wp-block-column-is-layout-flow\">\n<figure class=\"wp-block-image size-large\"><img decoding=\"async\" width=\"1024\" height=\"683\" src=\"https:\/\/gymnasium-eckhorst.de\/homepage\/wp-content\/uploads\/2024\/05\/image0-1024x683.jpeg\" alt=\"\" class=\"wp-image-7705\" srcset=\"https:\/\/gymnasium-eckhorst.de\/homepage\/wp-content\/uploads\/2024\/05\/image0-1024x683.jpeg 1024w, https:\/\/gymnasium-eckhorst.de\/homepage\/wp-content\/uploads\/2024\/05\/image0-300x200.jpeg 300w, https:\/\/gymnasium-eckhorst.de\/homepage\/wp-content\/uploads\/2024\/05\/image0-768x512.jpeg 768w, https:\/\/gymnasium-eckhorst.de\/homepage\/wp-content\/uploads\/2024\/05\/image0-1536x1024.jpeg 1536w, https:\/\/gymnasium-eckhorst.de\/homepage\/wp-content\/uploads\/2024\/05\/image0-2048x1365.jpeg 2048w, https:\/\/gymnasium-eckhorst.de\/homepage\/wp-content\/uploads\/2024\/05\/image0-1200x800.jpeg 1200w, https:\/\/gymnasium-eckhorst.de\/homepage\/wp-content\/uploads\/2024\/05\/image0-1980x1320.jpeg 1980w\" sizes=\"(max-width: 1024px) 100vw, 1024px\" \/><\/figure>\n<\/div>\n\n\n\n<div class=\"wp-block-column is-layout-flow wp-block-column-is-layout-flow\">\n<figure class=\"wp-block-image size-large\"><img loading=\"lazy\" decoding=\"async\" width=\"2560\" height=\"1706\" src=\"https:\/\/gymnasium-eckhorst.de\/homepage\/wp-content\/uploads\/2024\/05\/20240530_100221-edited-1-scaled.jpg\" alt=\"\" class=\"wp-image-7708\" srcset=\"https:\/\/gymnasium-eckhorst.de\/homepage\/wp-content\/uploads\/2024\/05\/20240530_100221-edited-1-scaled.jpg 2560w, https:\/\/gymnasium-eckhorst.de\/homepage\/wp-content\/uploads\/2024\/05\/20240530_100221-edited-1-300x200.jpg 300w, https:\/\/gymnasium-eckhorst.de\/homepage\/wp-content\/uploads\/2024\/05\/20240530_100221-edited-1-1024x682.jpg 1024w, https:\/\/gymnasium-eckhorst.de\/homepage\/wp-content\/uploads\/2024\/05\/20240530_100221-edited-1-768x512.jpg 768w, https:\/\/gymnasium-eckhorst.de\/homepage\/wp-content\/uploads\/2024\/05\/20240530_100221-edited-1-1536x1023.jpg 1536w, https:\/\/gymnasium-eckhorst.de\/homepage\/wp-content\/uploads\/2024\/05\/20240530_100221-edited-1-2048x1365.jpg 2048w, https:\/\/gymnasium-eckhorst.de\/homepage\/wp-content\/uploads\/2024\/05\/20240530_100221-edited-1-1200x800.jpg 1200w, https:\/\/gymnasium-eckhorst.de\/homepage\/wp-content\/uploads\/2024\/05\/20240530_100221-edited-1-1980x1319.jpg 1980w\" sizes=\"(max-width: 2560px) 100vw, 2560px\" \/><\/figure>\n<\/div>\n<\/div>\n\n\n\n<div class=\"wp-block-columns alignwide is-layout-flex wp-container-core-columns-is-layout-9d6595d7 wp-block-columns-is-layout-flex\">\n<div class=\"wp-block-column is-layout-flow wp-block-column-is-layout-flow\" style=\"flex-basis:66.66%\">\n<p><br><br>Das LMZ ist sehenswert und aus unserem Schulleben nicht mehr wegzudenken:<\/p>\n\n\n<div class=\"wp-block-image\">\n<figure class=\"aligncenter size-large\"><img loading=\"lazy\" decoding=\"async\" width=\"1024\" height=\"734\" src=\"https:\/\/gymnasium-eckhorst.de\/homepage\/wp-content\/uploads\/2020\/07\/medienzentrum_flyer_2019_1_1024.jpg\" alt=\"\" class=\"wp-image-1423\" srcset=\"https:\/\/gymnasium-eckhorst.de\/homepage\/wp-content\/uploads\/2020\/07\/medienzentrum_flyer_2019_1_1024.jpg 1024w, https:\/\/gymnasium-eckhorst.de\/homepage\/wp-content\/uploads\/2020\/07\/medienzentrum_flyer_2019_1_1024-300x215.jpg 300w, https:\/\/gymnasium-eckhorst.de\/homepage\/wp-content\/uploads\/2020\/07\/medienzentrum_flyer_2019_1_1024-768x551.jpg 768w\" sizes=\"(max-width: 1024px) 100vw, 1024px\" \/><\/figure>\n<\/div>\n\n<div class=\"wp-block-image\">\n<figure class=\"aligncenter size-large\"><img loading=\"lazy\" decoding=\"async\" width=\"1024\" height=\"724\" src=\"https:\/\/gymnasium-eckhorst.de\/homepage\/wp-content\/uploads\/2020\/07\/medienzentrum_flyer_2019_2_1024.jpg\" alt=\"\" class=\"wp-image-1424\" srcset=\"https:\/\/gymnasium-eckhorst.de\/homepage\/wp-content\/uploads\/2020\/07\/medienzentrum_flyer_2019_2_1024.jpg 1024w, https:\/\/gymnasium-eckhorst.de\/homepage\/wp-content\/uploads\/2020\/07\/medienzentrum_flyer_2019_2_1024-300x212.jpg 300w, https:\/\/gymnasium-eckhorst.de\/homepage\/wp-content\/uploads\/2020\/07\/medienzentrum_flyer_2019_2_1024-768x543.jpg 768w\" sizes=\"(max-width: 1024px) 100vw, 1024px\" \/><\/figure>\n<\/div><\/div>\n\n\n\n<div class=\"wp-block-column is-layout-flow wp-block-column-is-layout-flow\" style=\"flex-basis:33.33%\"><div class=\"wp-block-image\">\n<figure class=\"aligncenter size-large\"><img loading=\"lazy\" decoding=\"async\" width=\"1024\" height=\"683\" src=\"https:\/\/gymnasium-eckhorst.de\/homepage\/wp-content\/uploads\/2020\/07\/IMG_9152-1024x683.jpg\" alt=\"\" class=\"wp-image-1479\" srcset=\"https:\/\/gymnasium-eckhorst.de\/homepage\/wp-content\/uploads\/2020\/07\/IMG_9152-1024x683.jpg 1024w, https:\/\/gymnasium-eckhorst.de\/homepage\/wp-content\/uploads\/2020\/07\/IMG_9152-300x200.jpg 300w, https:\/\/gymnasium-eckhorst.de\/homepage\/wp-content\/uploads\/2020\/07\/IMG_9152-768x512.jpg 768w, https:\/\/gymnasium-eckhorst.de\/homepage\/wp-content\/uploads\/2020\/07\/IMG_9152-1536x1024.jpg 1536w, https:\/\/gymnasium-eckhorst.de\/homepage\/wp-content\/uploads\/2020\/07\/IMG_9152-2048x1365.jpg 2048w, https:\/\/gymnasium-eckhorst.de\/homepage\/wp-content\/uploads\/2020\/07\/IMG_9152-1200x800.jpg 1200w, https:\/\/gymnasium-eckhorst.de\/homepage\/wp-content\/uploads\/2020\/07\/IMG_9152-1980x1320.jpg 1980w\" sizes=\"(max-width: 1024px) 100vw, 1024px\" \/><\/figure>\n<\/div>\n\n<div class=\"wp-block-image\">\n<figure class=\"aligncenter size-large\"><img loading=\"lazy\" decoding=\"async\" width=\"1024\" height=\"683\" src=\"https:\/\/gymnasium-eckhorst.de\/homepage\/wp-content\/uploads\/2020\/07\/IMG_9140-1024x683.jpg\" alt=\"\" class=\"wp-image-1480\" srcset=\"https:\/\/gymnasium-eckhorst.de\/homepage\/wp-content\/uploads\/2020\/07\/IMG_9140-1024x683.jpg 1024w, https:\/\/gymnasium-eckhorst.de\/homepage\/wp-content\/uploads\/2020\/07\/IMG_9140-300x200.jpg 300w, https:\/\/gymnasium-eckhorst.de\/homepage\/wp-content\/uploads\/2020\/07\/IMG_9140-768x512.jpg 768w, https:\/\/gymnasium-eckhorst.de\/homepage\/wp-content\/uploads\/2020\/07\/IMG_9140-1536x1024.jpg 1536w, https:\/\/gymnasium-eckhorst.de\/homepage\/wp-content\/uploads\/2020\/07\/IMG_9140-2048x1365.jpg 2048w, https:\/\/gymnasium-eckhorst.de\/homepage\/wp-content\/uploads\/2020\/07\/IMG_9140-1200x800.jpg 1200w, https:\/\/gymnasium-eckhorst.de\/homepage\/wp-content\/uploads\/2020\/07\/IMG_9140-1980x1320.jpg 1980w\" sizes=\"(max-width: 1024px) 100vw, 1024px\" \/><\/figure>\n<\/div>\n\n<div class=\"wp-block-image\">\n<figure class=\"aligncenter size-large\"><img loading=\"lazy\" decoding=\"async\" width=\"1024\" height=\"678\" src=\"https:\/\/gymnasium-eckhorst.de\/homepage\/wp-content\/uploads\/2020\/07\/Sch\u00fcler-Medienlotsen-Ausbildung2-1024x678.jpg\" alt=\"\" class=\"wp-image-1481\" srcset=\"https:\/\/gymnasium-eckhorst.de\/homepage\/wp-content\/uploads\/2020\/07\/Sch\u00fcler-Medienlotsen-Ausbildung2-1024x678.jpg 1024w, https:\/\/gymnasium-eckhorst.de\/homepage\/wp-content\/uploads\/2020\/07\/Sch\u00fcler-Medienlotsen-Ausbildung2-300x199.jpg 300w, https:\/\/gymnasium-eckhorst.de\/homepage\/wp-content\/uploads\/2020\/07\/Sch\u00fcler-Medienlotsen-Ausbildung2-768x509.jpg 768w, https:\/\/gymnasium-eckhorst.de\/homepage\/wp-content\/uploads\/2020\/07\/Sch\u00fcler-Medienlotsen-Ausbildung2-1536x1017.jpg 1536w, https:\/\/gymnasium-eckhorst.de\/homepage\/wp-content\/uploads\/2020\/07\/Sch\u00fcler-Medienlotsen-Ausbildung2-2048x1356.jpg 2048w, https:\/\/gymnasium-eckhorst.de\/homepage\/wp-content\/uploads\/2020\/07\/Sch\u00fcler-Medienlotsen-Ausbildung2-1200x795.jpg 1200w, https:\/\/gymnasium-eckhorst.de\/homepage\/wp-content\/uploads\/2020\/07\/Sch\u00fcler-Medienlotsen-Ausbildung2-1980x1311.jpg 1980w\" sizes=\"(max-width: 1024px) 100vw, 1024px\" \/><\/figure>\n<\/div>\n\n<div class=\"wp-block-image\">\n<figure class=\"aligncenter size-large\"><img loading=\"lazy\" decoding=\"async\" width=\"1024\" height=\"683\" src=\"https:\/\/gymnasium-eckhorst.de\/homepage\/wp-content\/uploads\/2020\/07\/IMG_7484-1-1024x683.jpg\" alt=\"\" class=\"wp-image-1483\" srcset=\"https:\/\/gymnasium-eckhorst.de\/homepage\/wp-content\/uploads\/2020\/07\/IMG_7484-1-1024x683.jpg 1024w, https:\/\/gymnasium-eckhorst.de\/homepage\/wp-content\/uploads\/2020\/07\/IMG_7484-1-300x200.jpg 300w, https:\/\/gymnasium-eckhorst.de\/homepage\/wp-content\/uploads\/2020\/07\/IMG_7484-1-768x512.jpg 768w, https:\/\/gymnasium-eckhorst.de\/homepage\/wp-content\/uploads\/2020\/07\/IMG_7484-1-1536x1024.jpg 1536w, https:\/\/gymnasium-eckhorst.de\/homepage\/wp-content\/uploads\/2020\/07\/IMG_7484-1-2048x1365.jpg 2048w, https:\/\/gymnasium-eckhorst.de\/homepage\/wp-content\/uploads\/2020\/07\/IMG_7484-1-1200x800.jpg 1200w, https:\/\/gymnasium-eckhorst.de\/homepage\/wp-content\/uploads\/2020\/07\/IMG_7484-1-1980x1320.jpg 1980w\" sizes=\"(max-width: 1024px) 100vw, 1024px\" \/><\/figure>\n<\/div><\/div>\n<\/div>\n","protected":false},"excerpt":{"rendered":"<p>Unser LMZ Seit 2013 hat Medienbildung in unserem \u00fcber 250 qm gro\u00dfen Lern- und Medienzentrum im wahrsten Sinne des Wortes &#8222;Raum&#8220; sowie Konzept, Methode und durchgehende Betreuung durch zur Zeit zwei FWD-Kr\u00e4fte unter der Leitung des schulfachlichen Koordinators (Kontakt). Initiiert werden konnte es seinerzeit als Leuchttummodel der Medienanstalt Hamburg\/Schleswig-Holstein f\u00fcr nachhaltige und umf\u00e4ngliche Medienbildung an [&hellip;]<\/p>\n","protected":false},"author":17,"featured_media":0,"parent":0,"menu_order":0,"comment_status":"closed","ping_status":"closed","template":"","meta":{"footnotes":""},"class_list":["post-1422","page","type-page","status-publish","hentry"],"_links":{"self":[{"href":"https:\/\/gymnasium-eckhorst.de\/homepage\/wp-json\/wp\/v2\/pages\/1422","targetHints":{"allow":["GET"]}}],"collection":[{"href":"https:\/\/gymnasium-eckhorst.de\/homepage\/wp-json\/wp\/v2\/pages"}],"about":[{"href":"https:\/\/gymnasium-eckhorst.de\/homepage\/wp-json\/wp\/v2\/types\/page"}],"author":[{"embeddable":true,"href":"https:\/\/gymnasium-eckhorst.de\/homepage\/wp-json\/wp\/v2\/users\/17"}],"replies":[{"embeddable":true,"href":"https:\/\/gymnasium-eckhorst.de\/homepage\/wp-json\/wp\/v2\/comments?post=1422"}],"version-history":[{"count":12,"href":"https:\/\/gymnasium-eckhorst.de\/homepage\/wp-json\/wp\/v2\/pages\/1422\/revisions"}],"predecessor-version":[{"id":18001,"href":"https:\/\/gymnasium-eckhorst.de\/homepage\/wp-json\/wp\/v2\/pages\/1422\/revisions\/18001"}],"wp:attachment":[{"href":"https:\/\/gymnasium-eckhorst.de\/homepage\/wp-json\/wp\/v2\/media?parent=1422"}],"curies":[{"name":"wp","href":"https:\/\/api.w.org\/{rel}","templated":true}]}}