{"id":1282,"date":"2020-07-25T13:18:20","date_gmt":"2020-07-25T11:18:20","guid":{"rendered":"https:\/\/gymnasium-eckhorst.de\/homepage\/?page_id=1282"},"modified":"2026-02-02T14:41:01","modified_gmt":"2026-02-02T13:41:01","slug":"kunst","status":"publish","type":"page","link":"https:\/\/gymnasium-eckhorst.de\/homepage\/kunst\/","title":{"rendered":"Kunst"},"content":{"rendered":"\n<p><br><br><strong>\u201eKUNST wird erst dann interessant, wenn wir vor irgendetwas stehen, das wir nicht gleich restlos erkl\u00e4ren k\u00f6nnen.\u201c<\/strong><\/p>\n\n\n\n<p class=\"has-text-align-right\">&#8211; Christoph Schlingensief<\/p>\n\n\n\n<div class=\"wp-block-columns alignwide is-layout-flex wp-container-core-columns-is-layout-9d6595d7 wp-block-columns-is-layout-flex\">\n<div class=\"wp-block-column is-layout-flow wp-block-column-is-layout-flow\">\n<p><br><br>Dieses Interessante am Ph\u00e4nomen Kunst aufzusp\u00fcren, daf\u00fcr setzen wir Fachkollegen uns im Kunstunterricht des Eckhorst Gymnasiums engagiert ein!<\/p>\n\n\n\n<p>Wir malen, zeichnen, collagieren, drucken, filmen, fotografieren, bildhauern und performen in unserem Fach, arbeiten mit unterschiedlichsten Materialien, erlernen Techniken, erfassen kunstgeschichtliche und kunsttheoretische Zusammenh\u00e4nge und ermutigen und bef\u00e4higen die Sch\u00fcler*innen, ihre Lebenswelt neugierig zu erforschen und sich in eigenen, kreativen Gestaltungsergebnissen auszudr\u00fccken.<\/p>\n\n\n\n<p>In einer Zeit, in der Jugendliche wesentlich durch die Dominanz des Bildes und deren fl\u00fcchtiger Rezeption gepr\u00e4gt sind, liegt uns als Kunstfachschaft vor allem auch die Vermittlung von \u201eBildkompetenz\u201c, als dem kritischen Wahrnehmen, Verstehen und kreativen Umgang mit Bildsprache am Herzen.<\/p>\n\n\n\n<p>Wir wollen, dass unsere Sch\u00fcler*innen dabei zu \u201aBild-Sachverst\u00e4ndigen\u2018 ihrer pers\u00f6nlichen Umwelt werden und dabei tragf\u00e4hige Wertma\u00dfst\u00e4be f\u00fcr ihr eigenes Denken und gestalterisches Handeln entwickeln!<\/p>\n\n\n\n<p>Unser Anliegen ist es, die k\u00fcnstlerische Handlungskompetenz&nbsp; unserer Sch\u00fcler*innen zu vergr\u00f6\u00dfern. Die praktische Gestaltung steht dabei stets im Zusammenhang mit k\u00fcnstlerischen Strategien, dem Bezug zur Realit\u00e4t der Sch\u00fcler*innen und der Reflexion dar\u00fcber.<\/p>\n<\/div>\n\n\n\n<div class=\"wp-block-column is-layout-flow wp-block-column-is-layout-flow\">\n<figure class=\"wp-block-gallery has-nested-images columns-1 wp-block-gallery-1 is-layout-flex wp-block-gallery-is-layout-flex\">\n<figure class=\"wp-block-image size-large\"><img fetchpriority=\"high\" decoding=\"async\" width=\"1024\" height=\"768\" data-id=\"2353\" src=\"https:\/\/gymnasium-eckhorst.de\/homepage\/wp-content\/uploads\/2020\/11\/PHOTO-2020-11-02-00-57-19.jpg\" alt=\"\" class=\"wp-image-2353\" srcset=\"https:\/\/gymnasium-eckhorst.de\/homepage\/wp-content\/uploads\/2020\/11\/PHOTO-2020-11-02-00-57-19.jpg 1024w, https:\/\/gymnasium-eckhorst.de\/homepage\/wp-content\/uploads\/2020\/11\/PHOTO-2020-11-02-00-57-19-300x225.jpg 300w, https:\/\/gymnasium-eckhorst.de\/homepage\/wp-content\/uploads\/2020\/11\/PHOTO-2020-11-02-00-57-19-768x576.jpg 768w\" sizes=\"(max-width: 1024px) 100vw, 1024px\" \/><\/figure>\n\n\n\n<figure class=\"wp-block-image size-large\"><img decoding=\"async\" width=\"1024\" height=\"768\" data-id=\"2352\" src=\"https:\/\/gymnasium-eckhorst.de\/homepage\/wp-content\/uploads\/2020\/11\/PHOTO-2020-11-02-00-55-34.jpg\" alt=\"\" class=\"wp-image-2352\" srcset=\"https:\/\/gymnasium-eckhorst.de\/homepage\/wp-content\/uploads\/2020\/11\/PHOTO-2020-11-02-00-55-34.jpg 1024w, https:\/\/gymnasium-eckhorst.de\/homepage\/wp-content\/uploads\/2020\/11\/PHOTO-2020-11-02-00-55-34-300x225.jpg 300w, https:\/\/gymnasium-eckhorst.de\/homepage\/wp-content\/uploads\/2020\/11\/PHOTO-2020-11-02-00-55-34-768x576.jpg 768w\" sizes=\"(max-width: 1024px) 100vw, 1024px\" \/><\/figure>\n<\/figure>\n<\/div>\n<\/div>\n\n\n\n<div class=\"wp-block-columns alignwide is-layout-flex wp-container-core-columns-is-layout-9d6595d7 wp-block-columns-is-layout-flex\">\n<div class=\"wp-block-column is-layout-flow wp-block-column-is-layout-flow\">\n<h4 class=\"wp-block-heading\"><strong>Unterricht und Ausstattung des Faches<\/strong><\/h4>\n\n\n\n<p>Unsere Sch\u00fcler*innen haben in der Regel die M\u00f6glichkeit, Kunst von Klasse 5 bis zum Jahrgang Q1 durchg\u00e4ngig zweist\u00fcndig zu belegen. Ausnahmen bilden zur Zeit die Jahrgangsstufe 6, in der der Kunstunterricht im ersten Halbjahr 14t\u00e4gig &nbsp;und die Jahrgangsstufen 8 und 9, bei denen ein halbj\u00e4hrlicher Wechsel mit dem Fach Musik stattfindet.<\/p>\n\n\n\n<p>Das Fach Kunst wird im Eckhorst Gymnasium in drei Fachr\u00e4umen unterrichtet, die alle \u00fcber eine moderne Medienausstattung verf\u00fcgen.<\/p>\n\n\n\n<p>Keramikarbeiten k\u00f6nnen im Brennofen des Keramikraums gebrannt, analoge S\/W Fotoarbeiten, \u201awie fr\u00fcher\u2018 , im traditionellen Fotolabor vergr\u00f6\u00dfert und Hoch-und Tiefdrucktechniken mit entsprechenden Druckger\u00e4ten in den Kunstr\u00e4umen angewandt werden.<\/p>\n\n\n\n<p>Das Besondere unserer R\u00e4umlichkeiten ist deren Lage. Alle Au\u00dfent\u00fcren der Kunstr\u00e4ume f\u00fchren bei uns ins Gr\u00fcne, das hei\u00dft in ein weitl\u00e4ufiges, gepflegtes Schulgel\u00e4nde und einen nahen Wald mit Bachlauf.&nbsp; Besonders im Sommerhalbjahr bietet der Kunstunterricht deshalb auch drau\u00dfen f\u00fcr die Sch\u00fcler*innen eine Vielzahl von Gestaltungsm\u00f6glichkeiten, von denen hier das Zeichnen &nbsp;vor der Natur, sowie Holz- und Specksteinarbeiten, das Drehen von Filmen und immer wieder spannende Land-Art-Projekte beispielhaft genannt werden.<\/p>\n\n\n\n<p>Die N\u00e4he zu Hamburg und seiner Kunstmeile, nahe dem Hauptbahnhof, &nbsp;wird in jedem Schuljahr genutzt, um im Rahmen von Exkursionen Kunstwerke im Original zu betrachten und interessante \u201aKunst im \u00f6ffentlichen Raum-Spazierg\u00e4nge\u2018 zu unternehmen.<\/p>\n<\/div>\n\n\n\n<div class=\"wp-block-column is-layout-flow wp-block-column-is-layout-flow\">\n<figure class=\"wp-block-gallery has-nested-images columns-1 wp-block-gallery-2 is-layout-flex wp-block-gallery-is-layout-flex\">\n<figure class=\"wp-block-image size-large\"><img decoding=\"async\" width=\"1024\" height=\"768\" data-id=\"2341\" src=\"https:\/\/gymnasium-eckhorst.de\/homepage\/wp-content\/uploads\/2020\/11\/PHOTO-2020-11-02-00-45-521.jpg\" alt=\"\" class=\"wp-image-2341\" srcset=\"https:\/\/gymnasium-eckhorst.de\/homepage\/wp-content\/uploads\/2020\/11\/PHOTO-2020-11-02-00-45-521.jpg 1024w, https:\/\/gymnasium-eckhorst.de\/homepage\/wp-content\/uploads\/2020\/11\/PHOTO-2020-11-02-00-45-521-300x225.jpg 300w, https:\/\/gymnasium-eckhorst.de\/homepage\/wp-content\/uploads\/2020\/11\/PHOTO-2020-11-02-00-45-521-768x576.jpg 768w\" sizes=\"(max-width: 1024px) 100vw, 1024px\" \/><\/figure>\n\n\n\n<figure class=\"wp-block-image size-large\"><img loading=\"lazy\" decoding=\"async\" width=\"1024\" height=\"768\" data-id=\"2351\" src=\"https:\/\/gymnasium-eckhorst.de\/homepage\/wp-content\/uploads\/2020\/11\/PHOTO-2020-11-02-00-55-13.jpg\" alt=\"\" class=\"wp-image-2351\" srcset=\"https:\/\/gymnasium-eckhorst.de\/homepage\/wp-content\/uploads\/2020\/11\/PHOTO-2020-11-02-00-55-13.jpg 1024w, https:\/\/gymnasium-eckhorst.de\/homepage\/wp-content\/uploads\/2020\/11\/PHOTO-2020-11-02-00-55-13-300x225.jpg 300w, https:\/\/gymnasium-eckhorst.de\/homepage\/wp-content\/uploads\/2020\/11\/PHOTO-2020-11-02-00-55-13-768x576.jpg 768w\" sizes=\"(max-width: 1024px) 100vw, 1024px\" \/><\/figure>\n<\/figure>\n<\/div>\n<\/div>\n\n\n\n<figure class=\"wp-block-gallery has-nested-images columns-2 is-cropped wp-block-gallery-3 is-layout-flex wp-block-gallery-is-layout-flex\">\n<figure class=\"wp-block-image size-large\"><img loading=\"lazy\" decoding=\"async\" width=\"1024\" height=\"768\" data-id=\"2340\" src=\"https:\/\/gymnasium-eckhorst.de\/homepage\/wp-content\/uploads\/2020\/11\/PHOTO-2020-11-02-00-45-52.jpg\" alt=\"\" class=\"wp-image-2340\" srcset=\"https:\/\/gymnasium-eckhorst.de\/homepage\/wp-content\/uploads\/2020\/11\/PHOTO-2020-11-02-00-45-52.jpg 1024w, https:\/\/gymnasium-eckhorst.de\/homepage\/wp-content\/uploads\/2020\/11\/PHOTO-2020-11-02-00-45-52-300x225.jpg 300w, https:\/\/gymnasium-eckhorst.de\/homepage\/wp-content\/uploads\/2020\/11\/PHOTO-2020-11-02-00-45-52-768x576.jpg 768w\" sizes=\"(max-width: 1024px) 100vw, 1024px\" \/><\/figure>\n\n\n\n<figure class=\"wp-block-image size-large\"><img loading=\"lazy\" decoding=\"async\" width=\"1024\" height=\"768\" data-id=\"2342\" src=\"https:\/\/gymnasium-eckhorst.de\/homepage\/wp-content\/uploads\/2020\/11\/PHOTO-2020-11-02-00-45-522.jpg\" alt=\"\" class=\"wp-image-2342\" srcset=\"https:\/\/gymnasium-eckhorst.de\/homepage\/wp-content\/uploads\/2020\/11\/PHOTO-2020-11-02-00-45-522.jpg 1024w, https:\/\/gymnasium-eckhorst.de\/homepage\/wp-content\/uploads\/2020\/11\/PHOTO-2020-11-02-00-45-522-300x225.jpg 300w, https:\/\/gymnasium-eckhorst.de\/homepage\/wp-content\/uploads\/2020\/11\/PHOTO-2020-11-02-00-45-522-768x576.jpg 768w\" sizes=\"(max-width: 1024px) 100vw, 1024px\" \/><\/figure>\n\n\n\n<figure class=\"wp-block-image size-large\"><img loading=\"lazy\" decoding=\"async\" width=\"768\" height=\"1024\" data-id=\"2343\" src=\"https:\/\/gymnasium-eckhorst.de\/homepage\/wp-content\/uploads\/2020\/11\/PHOTO-2020-11-02-00-49-34.jpg\" alt=\"\" class=\"wp-image-2343\" srcset=\"https:\/\/gymnasium-eckhorst.de\/homepage\/wp-content\/uploads\/2020\/11\/PHOTO-2020-11-02-00-49-34.jpg 768w, https:\/\/gymnasium-eckhorst.de\/homepage\/wp-content\/uploads\/2020\/11\/PHOTO-2020-11-02-00-49-34-225x300.jpg 225w\" sizes=\"(max-width: 768px) 100vw, 768px\" \/><\/figure>\n\n\n\n<figure class=\"wp-block-image size-large\"><img loading=\"lazy\" decoding=\"async\" width=\"768\" height=\"1024\" data-id=\"2344\" src=\"https:\/\/gymnasium-eckhorst.de\/homepage\/wp-content\/uploads\/2020\/11\/PHOTO-2020-11-02-00-49-341.jpg\" alt=\"\" class=\"wp-image-2344\" srcset=\"https:\/\/gymnasium-eckhorst.de\/homepage\/wp-content\/uploads\/2020\/11\/PHOTO-2020-11-02-00-49-341.jpg 768w, https:\/\/gymnasium-eckhorst.de\/homepage\/wp-content\/uploads\/2020\/11\/PHOTO-2020-11-02-00-49-341-225x300.jpg 225w\" sizes=\"(max-width: 768px) 100vw, 768px\" \/><\/figure>\n\n\n\n<figure class=\"wp-block-image size-large\"><img loading=\"lazy\" decoding=\"async\" width=\"768\" height=\"1024\" data-id=\"2345\" src=\"https:\/\/gymnasium-eckhorst.de\/homepage\/wp-content\/uploads\/2020\/11\/PHOTO-2020-11-02-00-49-342.jpg\" alt=\"\" class=\"wp-image-2345\" srcset=\"https:\/\/gymnasium-eckhorst.de\/homepage\/wp-content\/uploads\/2020\/11\/PHOTO-2020-11-02-00-49-342.jpg 768w, https:\/\/gymnasium-eckhorst.de\/homepage\/wp-content\/uploads\/2020\/11\/PHOTO-2020-11-02-00-49-342-225x300.jpg 225w\" sizes=\"(max-width: 768px) 100vw, 768px\" \/><\/figure>\n\n\n\n<figure class=\"wp-block-image size-large\"><img loading=\"lazy\" decoding=\"async\" width=\"768\" height=\"1024\" data-id=\"2346\" src=\"https:\/\/gymnasium-eckhorst.de\/homepage\/wp-content\/uploads\/2020\/11\/PHOTO-2020-11-02-00-51-44.jpg\" alt=\"\" class=\"wp-image-2346\" srcset=\"https:\/\/gymnasium-eckhorst.de\/homepage\/wp-content\/uploads\/2020\/11\/PHOTO-2020-11-02-00-51-44.jpg 768w, https:\/\/gymnasium-eckhorst.de\/homepage\/wp-content\/uploads\/2020\/11\/PHOTO-2020-11-02-00-51-44-225x300.jpg 225w\" sizes=\"(max-width: 768px) 100vw, 768px\" \/><\/figure>\n\n\n\n<figure class=\"wp-block-image size-large\"><img loading=\"lazy\" decoding=\"async\" width=\"1024\" height=\"768\" data-id=\"2347\" src=\"https:\/\/gymnasium-eckhorst.de\/homepage\/wp-content\/uploads\/2020\/11\/PHOTO-2020-11-02-00-52-42.jpg\" alt=\"\" class=\"wp-image-2347\" srcset=\"https:\/\/gymnasium-eckhorst.de\/homepage\/wp-content\/uploads\/2020\/11\/PHOTO-2020-11-02-00-52-42.jpg 1024w, https:\/\/gymnasium-eckhorst.de\/homepage\/wp-content\/uploads\/2020\/11\/PHOTO-2020-11-02-00-52-42-300x225.jpg 300w, https:\/\/gymnasium-eckhorst.de\/homepage\/wp-content\/uploads\/2020\/11\/PHOTO-2020-11-02-00-52-42-768x576.jpg 768w\" sizes=\"(max-width: 1024px) 100vw, 1024px\" \/><\/figure>\n\n\n\n<figure class=\"wp-block-image size-large\"><img loading=\"lazy\" decoding=\"async\" width=\"1024\" height=\"768\" data-id=\"2348\" src=\"https:\/\/gymnasium-eckhorst.de\/homepage\/wp-content\/uploads\/2020\/11\/PHOTO-2020-11-02-00-53-32.jpg\" alt=\"\" class=\"wp-image-2348\" srcset=\"https:\/\/gymnasium-eckhorst.de\/homepage\/wp-content\/uploads\/2020\/11\/PHOTO-2020-11-02-00-53-32.jpg 1024w, https:\/\/gymnasium-eckhorst.de\/homepage\/wp-content\/uploads\/2020\/11\/PHOTO-2020-11-02-00-53-32-300x225.jpg 300w, https:\/\/gymnasium-eckhorst.de\/homepage\/wp-content\/uploads\/2020\/11\/PHOTO-2020-11-02-00-53-32-768x576.jpg 768w\" sizes=\"(max-width: 1024px) 100vw, 1024px\" \/><\/figure>\n\n\n\n<figure class=\"wp-block-image size-large\"><img loading=\"lazy\" decoding=\"async\" width=\"1024\" height=\"768\" data-id=\"2349\" src=\"https:\/\/gymnasium-eckhorst.de\/homepage\/wp-content\/uploads\/2020\/11\/PHOTO-2020-11-02-00-53-50.jpg\" alt=\"\" class=\"wp-image-2349\" srcset=\"https:\/\/gymnasium-eckhorst.de\/homepage\/wp-content\/uploads\/2020\/11\/PHOTO-2020-11-02-00-53-50.jpg 1024w, https:\/\/gymnasium-eckhorst.de\/homepage\/wp-content\/uploads\/2020\/11\/PHOTO-2020-11-02-00-53-50-300x225.jpg 300w, https:\/\/gymnasium-eckhorst.de\/homepage\/wp-content\/uploads\/2020\/11\/PHOTO-2020-11-02-00-53-50-768x576.jpg 768w\" sizes=\"(max-width: 1024px) 100vw, 1024px\" \/><\/figure>\n\n\n\n<figure class=\"wp-block-image size-large\"><img loading=\"lazy\" decoding=\"async\" width=\"1024\" height=\"768\" data-id=\"2350\" src=\"https:\/\/gymnasium-eckhorst.de\/homepage\/wp-content\/uploads\/2020\/11\/PHOTO-2020-11-02-00-54-36.jpg\" alt=\"\" class=\"wp-image-2350\" srcset=\"https:\/\/gymnasium-eckhorst.de\/homepage\/wp-content\/uploads\/2020\/11\/PHOTO-2020-11-02-00-54-36.jpg 1024w, https:\/\/gymnasium-eckhorst.de\/homepage\/wp-content\/uploads\/2020\/11\/PHOTO-2020-11-02-00-54-36-300x225.jpg 300w, https:\/\/gymnasium-eckhorst.de\/homepage\/wp-content\/uploads\/2020\/11\/PHOTO-2020-11-02-00-54-36-768x576.jpg 768w\" sizes=\"(max-width: 1024px) 100vw, 1024px\" \/><\/figure>\n\n\n\n<figure class=\"wp-block-image size-large\"><img loading=\"lazy\" decoding=\"async\" width=\"768\" height=\"1024\" data-id=\"2354\" src=\"https:\/\/gymnasium-eckhorst.de\/homepage\/wp-content\/uploads\/2020\/11\/PHOTO-2020-11-02-00-58-20.jpg\" alt=\"\" class=\"wp-image-2354\" srcset=\"https:\/\/gymnasium-eckhorst.de\/homepage\/wp-content\/uploads\/2020\/11\/PHOTO-2020-11-02-00-58-20.jpg 768w, https:\/\/gymnasium-eckhorst.de\/homepage\/wp-content\/uploads\/2020\/11\/PHOTO-2020-11-02-00-58-20-225x300.jpg 225w\" sizes=\"(max-width: 768px) 100vw, 768px\" \/><\/figure>\n<\/figure>\n\n\n\n<hr class=\"wp-block-separator has-alpha-channel-opacity\"\/>\n\n\n\n<h4 class=\"wp-block-heading\">Schulinterne Fachcurricula<\/h4>\n\n\n\n<p><em>Die unten aufgef\u00fchrten schulinternen Fachcurricula sind Kurzfassungen, die einen \u00dcberblick \u00fcber die Schwerpunkte, Besonderheiten und zu erbringenden Leistungsnachweise liefern sollen. Einzelheiten k\u00f6nnen bei den jeweiligen Fachlehrkr\u00e4ften erfragt werden.<\/em><\/p>\n\n\n\n<p class=\"has-text-align-center\"><a href=\"https:\/\/gymnasium-eckhorst.de\/homepage\/wp-content\/uploads\/2025\/07\/Uebersicht-Curriculum-Kunst-56-1.pdf\" target=\"_blank\" rel=\"noreferrer noopener\">Klassen 5\/6<\/a><\/p>\n\n\n\n<p class=\"has-text-align-center\"><a href=\"https:\/\/gymnasium-eckhorst.de\/homepage\/wp-content\/uploads\/2025\/07\/Uebersicht-Curriculum-Kunst-78.pdf\" target=\"_blank\" rel=\"noreferrer noopener\">Klassen 7\/8<\/a><\/p>\n\n\n\n<p class=\"has-text-align-center\"><a href=\"https:\/\/gymnasium-eckhorst.de\/homepage\/wp-content\/uploads\/2025\/07\/Uebersicht-Curriculum-Kunst-910.pdf\" target=\"_blank\" rel=\"noreferrer noopener\">Klassen 9\/10<\/a><\/p>\n\n\n\n<p class=\"has-text-align-center\"><a href=\"https:\/\/gymnasium-eckhorst.de\/homepage\/wp-content\/uploads\/2026\/02\/Uebersicht-Curriculum-Kunst-SEK-II.pdf\" target=\"_blank\" rel=\"noreferrer noopener\">Oberstufe<\/a><\/p>\n","protected":false},"excerpt":{"rendered":"<p>\u201eKUNST wird erst dann interessant, wenn wir vor irgendetwas stehen, das wir nicht gleich restlos erkl\u00e4ren k\u00f6nnen.\u201c &#8211; Christoph Schlingensief Dieses Interessante am Ph\u00e4nomen Kunst aufzusp\u00fcren, daf\u00fcr setzen wir Fachkollegen uns im Kunstunterricht des Eckhorst Gymnasiums engagiert ein! Wir malen, zeichnen, collagieren, drucken, filmen, fotografieren, bildhauern und performen in unserem Fach, arbeiten mit unterschiedlichsten Materialien, [&hellip;]<\/p>\n","protected":false},"author":17,"featured_media":0,"parent":0,"menu_order":0,"comment_status":"closed","ping_status":"closed","template":"","meta":{"footnotes":""},"class_list":["post-1282","page","type-page","status-publish","hentry"],"_links":{"self":[{"href":"https:\/\/gymnasium-eckhorst.de\/homepage\/wp-json\/wp\/v2\/pages\/1282","targetHints":{"allow":["GET"]}}],"collection":[{"href":"https:\/\/gymnasium-eckhorst.de\/homepage\/wp-json\/wp\/v2\/pages"}],"about":[{"href":"https:\/\/gymnasium-eckhorst.de\/homepage\/wp-json\/wp\/v2\/types\/page"}],"author":[{"embeddable":true,"href":"https:\/\/gymnasium-eckhorst.de\/homepage\/wp-json\/wp\/v2\/users\/17"}],"replies":[{"embeddable":true,"href":"https:\/\/gymnasium-eckhorst.de\/homepage\/wp-json\/wp\/v2\/comments?post=1282"}],"version-history":[{"count":8,"href":"https:\/\/gymnasium-eckhorst.de\/homepage\/wp-json\/wp\/v2\/pages\/1282\/revisions"}],"predecessor-version":[{"id":17916,"href":"https:\/\/gymnasium-eckhorst.de\/homepage\/wp-json\/wp\/v2\/pages\/1282\/revisions\/17916"}],"wp:attachment":[{"href":"https:\/\/gymnasium-eckhorst.de\/homepage\/wp-json\/wp\/v2\/media?parent=1282"}],"curies":[{"name":"wp","href":"https:\/\/api.w.org\/{rel}","templated":true}]}}