{"id":1277,"date":"2020-07-25T13:16:57","date_gmt":"2020-07-25T11:16:57","guid":{"rendered":"https:\/\/gymnasium-eckhorst.de\/homepage\/?page_id=1277"},"modified":"2026-03-15T10:25:26","modified_gmt":"2026-03-15T09:25:26","slug":"latein","status":"publish","type":"page","link":"https:\/\/gymnasium-eckhorst.de\/homepage\/latein\/","title":{"rendered":"Latein"},"content":{"rendered":"\n<h4 class=\"wp-block-heading has-text-align-center\"><br>SALVETE DISCIPULI DISCIPULAEQUE!<\/h4>\n\n\n<div class=\"wp-block-image\">\n<figure class=\"aligncenter\"><img fetchpriority=\"high\" decoding=\"async\" width=\"768\" height=\"1024\" src=\"https:\/\/gymnasium-eckhorst.de\/homepage\/wp-content\/uploads\/2021\/01\/Bild-1-Rom-Kolosseum-768x1024.jpg\" alt=\"\" class=\"wp-image-2910\" srcset=\"https:\/\/gymnasium-eckhorst.de\/homepage\/wp-content\/uploads\/2021\/01\/Bild-1-Rom-Kolosseum-768x1024.jpg 768w, https:\/\/gymnasium-eckhorst.de\/homepage\/wp-content\/uploads\/2021\/01\/Bild-1-Rom-Kolosseum-225x300.jpg 225w, https:\/\/gymnasium-eckhorst.de\/homepage\/wp-content\/uploads\/2021\/01\/Bild-1-Rom-Kolosseum-1152x1536.jpg 1152w, https:\/\/gymnasium-eckhorst.de\/homepage\/wp-content\/uploads\/2021\/01\/Bild-1-Rom-Kolosseum-1536x2048.jpg 1536w, https:\/\/gymnasium-eckhorst.de\/homepage\/wp-content\/uploads\/2021\/01\/Bild-1-Rom-Kolosseum-1200x1600.jpg 1200w, https:\/\/gymnasium-eckhorst.de\/homepage\/wp-content\/uploads\/2021\/01\/Bild-1-Rom-Kolosseum-1980x2640.jpg 1980w, https:\/\/gymnasium-eckhorst.de\/homepage\/wp-content\/uploads\/2021\/01\/Bild-1-Rom-Kolosseum-scaled.jpg 1920w\" sizes=\"(max-width: 768px) 100vw, 768px\" \/><\/figure>\n<\/div>\n\n\n<p>F\u00fcr die meisten Menschen gilt Latein als Lernfach, viele ehemalige Lateinsch\u00fcler*innen erinnern sich an den Abl abs oder den AcI und klagen \u00fcber zu viel Auswendiglernen von Vokabeln und Grammatik. Dieser weit verbreiteten Meinung kann man leicht entgegensetzen, dass nicht nur beim Lernen von Latein, sondern auch bei anderen Fremdsprachen Vokabeln und Grammatik das Fundament bilden. Zudem hat sich der Lateinunterricht gewandelt, wie wir weiter unten noch sehen werden.&nbsp;<\/p>\n\n\n\n<h5 class=\"wp-block-heading\">NON SCHOLAE SED VITAE DISCIMUS \u2013 Wozu Latein?<\/h5>\n\n\n\n<ul class=\"wp-block-list\">\n<li>Latein ist die Mutter vieler europ\u00e4ischer Sprachen. Auf der Grundlage des lateinischen Wortschatzes k\u00f6nnen nicht nur die romanischen Sprachen Franz\u00f6sisch, Spanisch und Italienisch, sondern auch andere moderne Fremdsprachen wie Englisch (ca. 30% lateinische W\u00f6rter!) leichter gelernt werden.<\/li>\n\n\n\n<li>Die Auseinandersetzung mit einer Sprache als System und ihren grammatischen Strukturen erleichtert das Erlernen von Fremdsprachen im Allgemeinen.<\/li>\n\n\n\n<li>Das Erlernen des lateinischen Wortschatzes hilft auch weit \u00fcber die Schulzeit hinaus, Fremdw\u00f6rter zu verstehen.<\/li>\n\n\n\n<li>Das \u00dcbersetzen lateinischer Texte in angemessenes Deutsch schult das Bewusstsein f\u00fcr die passende Formulierung und die Ausdrucksf\u00e4higkeit im Deutschen.<\/li>\n\n\n\n<li>Viele Sch\u00fcler*innen sagen, dass sie erst im Lateinunterricht die deutsche Grammatik verstanden haben, nicht nur weil sie sich die Bedeutung der Fachbegriffe wie <em>Tempus<\/em>, <em>Nominativ<\/em>, <em>kausal<\/em> usw. erkl\u00e4ren k\u00f6nnen. Vielmehr findet eine analytische Auseinandersetzung mit der Grammatik einer (dem Deutschen \u00e4hnlichen) Sprache statt.<\/li>\n\n\n\n<li>Latein verlangt genaues Hinsehen sowie strukturiertes Denken zur L\u00f6sung komplexer Probleme und vermittelt so \u00fcberfachliche F\u00e4higkeiten, die sowohl f\u00fcr andere F\u00e4cher als auch f\u00fcr die sp\u00e4tere Berufswelt und das Leben hilfreich sind.&nbsp;<\/li>\n<\/ul>\n\n\n\n<p>Latein zu lernen ist also viel mehr als das Pauken von Vokabeln. Latein er\u00f6ffnet das systematische Verst\u00e4ndnis f\u00fcr Sprachen und f\u00f6rdert analytisches Denken im Allgemeinen.<\/p>\n\n\n<div class=\"wp-block-image\">\n<figure class=\"aligncenter size-large\"><img decoding=\"async\" width=\"1024\" height=\"683\" src=\"https:\/\/gymnasium-eckhorst.de\/homepage\/wp-content\/uploads\/2021\/01\/Bild-2-Latein-Material.jpg\" alt=\"\" class=\"wp-image-2911\" srcset=\"https:\/\/gymnasium-eckhorst.de\/homepage\/wp-content\/uploads\/2021\/01\/Bild-2-Latein-Material.jpg 1024w, https:\/\/gymnasium-eckhorst.de\/homepage\/wp-content\/uploads\/2021\/01\/Bild-2-Latein-Material-300x200.jpg 300w, https:\/\/gymnasium-eckhorst.de\/homepage\/wp-content\/uploads\/2021\/01\/Bild-2-Latein-Material-768x512.jpg 768w\" sizes=\"(max-width: 1024px) 100vw, 1024px\" \/><\/figure>\n<\/div>\n\n\n<h5 class=\"wp-block-heading\">PER ASPERA AD ASTRA&nbsp; \u2013 Wie sieht der Unterricht aus?<\/h5>\n\n\n\n<p>Latein kann am Gymnasium Eckhorst neben Franz\u00f6sisch und Spanisch ab Klasse 7 als zweite Fremdsprache gew\u00e4hlt werden. Die Unterrichtssprache ist Deutsch. Wir \u00fcbersetzen im Lateinunterricht haupts\u00e4chlich Texte aus der Originalsprache ins Deutsche, manchmal werden aber auch als kreative Aufgabe oder Grammatik\u00fcbung lateinische Texte selbst formuliert. Das Lateinische wird so gesprochen, wie es geschrieben wird, so dass es kaum Probleme mit Aussprache oder Rechtschreibung gibt.<\/p>\n\n\n\n<p>Der Lateinunterricht gliedert sich in die Lehrbuchphase und die Lekt\u00fcrephase. Nach ca. drei Jahren Lehrbucharbeit werden lateinische Originaltexte gelesen.<\/p>\n\n\n\n<p>Im Mittelpunkt des Unterrichts steht der Inhalt lateinischer Texte. Es geht nicht um das reine \u00dcbersetzen oder das Abfragen von grammatischen Formen, sondern Interpretation und Diskussion stehen im Mittelpunkt. Zudem geht es darum, die r\u00f6mische Kultur und das Alltagsleben der R\u00f6mer kennen zu lernen: Was haben die R\u00f6mer vor 2000 Jahren gegessen? Wie sah der Schulunterricht aus? Wer k\u00e4mpfte im Kolosseum gegeneinander? Oder: Wie verehrten die R\u00f6mer ihre G\u00f6tter?<\/p>\n\n\n\n<p>In der Oberstufe besch\u00e4ftigen wir uns anhand der antiken Literatur mit den Grundfragen der menschlichen Existenz und den Wurzeln mythologischer Motive in der Literatur. Lateinische Literaturklassiker wie Cicero, Ovid oder Seneca haben die Kultur- und Geistesgeschichte Europas gepr\u00e4gt.<\/p>\n\n\n\n<p>Im Lateinunterricht kommen auch vielf\u00e4ltige Mittel des digitalen Lernens zum Einsatz: z.B. die App \u201eNavigium\u201c f\u00fcr effektives Wortschatz- und Grammatiktraining, Lernvideos u.v.m.<\/p>\n\n\n\n<figure class=\"wp-block-gallery has-nested-images columns-2 is-cropped wp-block-gallery-1 is-layout-flex wp-block-gallery-is-layout-flex\">\n<figure class=\"wp-block-image size-large\"><img decoding=\"async\" width=\"768\" height=\"1024\" data-id=\"2912\" src=\"https:\/\/gymnasium-eckhorst.de\/homepage\/wp-content\/uploads\/2021\/01\/Bild-3-Lehrwerk_Pontes-768x1024.jpg\" alt=\"\" class=\"wp-image-2912\" srcset=\"https:\/\/gymnasium-eckhorst.de\/homepage\/wp-content\/uploads\/2021\/01\/Bild-3-Lehrwerk_Pontes-768x1024.jpg 768w, https:\/\/gymnasium-eckhorst.de\/homepage\/wp-content\/uploads\/2021\/01\/Bild-3-Lehrwerk_Pontes-225x300.jpg 225w, https:\/\/gymnasium-eckhorst.de\/homepage\/wp-content\/uploads\/2021\/01\/Bild-3-Lehrwerk_Pontes-1152x1536.jpg 1152w, https:\/\/gymnasium-eckhorst.de\/homepage\/wp-content\/uploads\/2021\/01\/Bild-3-Lehrwerk_Pontes-1536x2048.jpg 1536w, https:\/\/gymnasium-eckhorst.de\/homepage\/wp-content\/uploads\/2021\/01\/Bild-3-Lehrwerk_Pontes-1200x1600.jpg 1200w, https:\/\/gymnasium-eckhorst.de\/homepage\/wp-content\/uploads\/2021\/01\/Bild-3-Lehrwerk_Pontes-1980x2640.jpg 1980w, https:\/\/gymnasium-eckhorst.de\/homepage\/wp-content\/uploads\/2021\/01\/Bild-3-Lehrwerk_Pontes-scaled.jpg 1920w\" sizes=\"(max-width: 768px) 100vw, 768px\" \/><\/figure>\n\n\n\n<figure class=\"wp-block-image size-large\"><img loading=\"lazy\" decoding=\"async\" width=\"1024\" height=\"683\" data-id=\"2911\" src=\"https:\/\/gymnasium-eckhorst.de\/homepage\/wp-content\/uploads\/2021\/01\/Bild-2-Latein-Material.jpg\" alt=\"\" class=\"wp-image-2911\" srcset=\"https:\/\/gymnasium-eckhorst.de\/homepage\/wp-content\/uploads\/2021\/01\/Bild-2-Latein-Material.jpg 1024w, https:\/\/gymnasium-eckhorst.de\/homepage\/wp-content\/uploads\/2021\/01\/Bild-2-Latein-Material-300x200.jpg 300w, https:\/\/gymnasium-eckhorst.de\/homepage\/wp-content\/uploads\/2021\/01\/Bild-2-Latein-Material-768x512.jpg 768w\" sizes=\"(max-width: 1024px) 100vw, 1024px\" \/><\/figure>\n\n\n\n<figure class=\"wp-block-image size-large\"><img loading=\"lazy\" decoding=\"async\" width=\"1024\" height=\"613\" data-id=\"2913\" src=\"https:\/\/gymnasium-eckhorst.de\/homepage\/wp-content\/uploads\/2021\/01\/Bild-4-Wachsta\u2560efelchen-1024x613.jpg\" alt=\"\" class=\"wp-image-2913\" srcset=\"https:\/\/gymnasium-eckhorst.de\/homepage\/wp-content\/uploads\/2021\/01\/Bild-4-Wachsta\u2560efelchen-1024x613.jpg 1024w, https:\/\/gymnasium-eckhorst.de\/homepage\/wp-content\/uploads\/2021\/01\/Bild-4-Wachsta\u2560efelchen-300x180.jpg 300w, https:\/\/gymnasium-eckhorst.de\/homepage\/wp-content\/uploads\/2021\/01\/Bild-4-Wachsta\u2560efelchen-768x460.jpg 768w, https:\/\/gymnasium-eckhorst.de\/homepage\/wp-content\/uploads\/2021\/01\/Bild-4-Wachsta\u2560efelchen-1536x919.jpg 1536w, https:\/\/gymnasium-eckhorst.de\/homepage\/wp-content\/uploads\/2021\/01\/Bild-4-Wachsta\u2560efelchen-2048x1226.jpg 2048w, https:\/\/gymnasium-eckhorst.de\/homepage\/wp-content\/uploads\/2021\/01\/Bild-4-Wachsta\u2560efelchen-1200x718.jpg 1200w, https:\/\/gymnasium-eckhorst.de\/homepage\/wp-content\/uploads\/2021\/01\/Bild-4-Wachsta\u2560efelchen-1980x1185.jpg 1980w\" sizes=\"(max-width: 1024px) 100vw, 1024px\" \/><\/figure>\n\n\n\n<figure class=\"wp-block-image size-large\"><img loading=\"lazy\" decoding=\"async\" width=\"1024\" height=\"680\" data-id=\"2914\" src=\"https:\/\/gymnasium-eckhorst.de\/homepage\/wp-content\/uploads\/2021\/01\/Bild-5-Latein-Bildschirm-1024x680.jpg\" alt=\"\" class=\"wp-image-2914\" srcset=\"https:\/\/gymnasium-eckhorst.de\/homepage\/wp-content\/uploads\/2021\/01\/Bild-5-Latein-Bildschirm-1024x680.jpg 1024w, https:\/\/gymnasium-eckhorst.de\/homepage\/wp-content\/uploads\/2021\/01\/Bild-5-Latein-Bildschirm-300x199.jpg 300w, https:\/\/gymnasium-eckhorst.de\/homepage\/wp-content\/uploads\/2021\/01\/Bild-5-Latein-Bildschirm-768x510.jpg 768w, https:\/\/gymnasium-eckhorst.de\/homepage\/wp-content\/uploads\/2021\/01\/Bild-5-Latein-Bildschirm-1536x1020.jpg 1536w, https:\/\/gymnasium-eckhorst.de\/homepage\/wp-content\/uploads\/2021\/01\/Bild-5-Latein-Bildschirm-2048x1360.jpg 2048w, https:\/\/gymnasium-eckhorst.de\/homepage\/wp-content\/uploads\/2021\/01\/Bild-5-Latein-Bildschirm-1200x797.jpg 1200w, https:\/\/gymnasium-eckhorst.de\/homepage\/wp-content\/uploads\/2021\/01\/Bild-5-Latein-Bildschirm-1980x1315.jpg 1980w\" sizes=\"(max-width: 1024px) 100vw, 1024px\" \/><\/figure>\n<\/figure>\n\n\n\n<h5 class=\"wp-block-heading\">CUI BONO? \u2013 Wer sollte Latein lernen?<\/h5>\n\n\n\n<p>Latein sollte lernen, wer neugierig auf das Leben der R\u00f6mer ist und wer Spa\u00df am logischen Denken hat. Auch wem die Unterrichtssprache Deutsch eher liegt als eine fremdsprachliche Kommunikation, ist im Lateinunterricht genau richtig.<\/p>\n\n\n\n<h5 class=\"wp-block-heading\">VENI VIDI VICI \u2013 Wettbewerbe<\/h5>\n\n\n\n<p>W\u00e4hrend sich die R\u00f6mer gern an Wettbewerben im Kolosseum erfreuten, k\u00f6nnen Lateinsch\u00fcler*innen heute in einem Sprachwettbewerb ihre Kr\u00e4fte messen. Zwar gibt es keine Lorbeerkr\u00e4nze zu gewinnen, aber daf\u00fcr spannende Projekte zu verwirklichen und tolle Erfahrungen zu sammeln:<\/p>\n\n\n\n<ul class=\"wp-block-list\">\n<li>Bundeswettbewerb Fremdsprachen&nbsp;(<a href=\"https:\/\/www.bundeswettbewerb-fremdsprachen.de\">https:\/\/www.bundeswettbewerb-fremdsprachen.de<\/a>)<\/li>\n<\/ul>\n\n\n\n<h5 class=\"wp-block-heading\">FINIS CORONAT OPUS \u2013 <strong>Abschl\u00fcsse<\/strong><\/h5>\n\n\n<div class=\"wp-block-image\">\n<figure class=\"aligncenter size-large\"><img loading=\"lazy\" decoding=\"async\" width=\"1024\" height=\"659\" src=\"https:\/\/gymnasium-eckhorst.de\/homepage\/wp-content\/uploads\/2021\/01\/latein-abschlusse-1024x659.jpg\" alt=\"\" class=\"wp-image-2915\" srcset=\"https:\/\/gymnasium-eckhorst.de\/homepage\/wp-content\/uploads\/2021\/01\/latein-abschlusse-1024x659.jpg 1024w, https:\/\/gymnasium-eckhorst.de\/homepage\/wp-content\/uploads\/2021\/01\/latein-abschlusse-300x193.jpg 300w, https:\/\/gymnasium-eckhorst.de\/homepage\/wp-content\/uploads\/2021\/01\/latein-abschlusse-768x494.jpg 768w, https:\/\/gymnasium-eckhorst.de\/homepage\/wp-content\/uploads\/2021\/01\/latein-abschlusse-1536x989.jpg 1536w, https:\/\/gymnasium-eckhorst.de\/homepage\/wp-content\/uploads\/2021\/01\/latein-abschlusse-1200x773.jpg 1200w, https:\/\/gymnasium-eckhorst.de\/homepage\/wp-content\/uploads\/2021\/01\/latein-abschlusse.jpg 1600w\" sizes=\"(max-width: 1024px) 100vw, 1024px\" \/><\/figure>\n<\/div>\n\n\n<h5 class=\"wp-block-heading\">VALETE!<\/h5>\n\n\n\n<figure class=\"wp-block-gallery has-nested-images columns-1 is-cropped wp-block-gallery-2 is-layout-flex wp-block-gallery-is-layout-flex\">\n<figure class=\"wp-block-image size-large\"><img loading=\"lazy\" decoding=\"async\" width=\"1024\" height=\"768\" data-id=\"2916\" src=\"https:\/\/gymnasium-eckhorst.de\/homepage\/wp-content\/uploads\/2021\/01\/Bild-6-TdoT-Latein-.jpg\" alt=\"\" class=\"wp-image-2916\" srcset=\"https:\/\/gymnasium-eckhorst.de\/homepage\/wp-content\/uploads\/2021\/01\/Bild-6-TdoT-Latein-.jpg 1024w, https:\/\/gymnasium-eckhorst.de\/homepage\/wp-content\/uploads\/2021\/01\/Bild-6-TdoT-Latein--300x225.jpg 300w, https:\/\/gymnasium-eckhorst.de\/homepage\/wp-content\/uploads\/2021\/01\/Bild-6-TdoT-Latein--768x576.jpg 768w\" sizes=\"(max-width: 1024px) 100vw, 1024px\" \/><\/figure>\n\n\n\n<figure class=\"wp-block-image size-large\"><img loading=\"lazy\" decoding=\"async\" width=\"1024\" height=\"683\" data-id=\"2917\" src=\"https:\/\/gymnasium-eckhorst.de\/homepage\/wp-content\/uploads\/2021\/01\/Bild-7-Stammbaum-Go\u2560etter.jpg\" alt=\"\" class=\"wp-image-2917\" srcset=\"https:\/\/gymnasium-eckhorst.de\/homepage\/wp-content\/uploads\/2021\/01\/Bild-7-Stammbaum-Go\u2560etter.jpg 1024w, https:\/\/gymnasium-eckhorst.de\/homepage\/wp-content\/uploads\/2021\/01\/Bild-7-Stammbaum-Go\u2560etter-300x200.jpg 300w, https:\/\/gymnasium-eckhorst.de\/homepage\/wp-content\/uploads\/2021\/01\/Bild-7-Stammbaum-Go\u2560etter-768x512.jpg 768w\" sizes=\"(max-width: 1024px) 100vw, 1024px\" \/><\/figure>\n\n\n\n<figure class=\"wp-block-image size-large\"><img loading=\"lazy\" decoding=\"async\" width=\"768\" height=\"1024\" data-id=\"2918\" src=\"https:\/\/gymnasium-eckhorst.de\/homepage\/wp-content\/uploads\/2021\/01\/Bild-8-Asterix-auf-Latein-768x1024.jpeg\" alt=\"\" class=\"wp-image-2918\" srcset=\"https:\/\/gymnasium-eckhorst.de\/homepage\/wp-content\/uploads\/2021\/01\/Bild-8-Asterix-auf-Latein-768x1024.jpeg 768w, https:\/\/gymnasium-eckhorst.de\/homepage\/wp-content\/uploads\/2021\/01\/Bild-8-Asterix-auf-Latein-225x300.jpeg 225w, https:\/\/gymnasium-eckhorst.de\/homepage\/wp-content\/uploads\/2021\/01\/Bild-8-Asterix-auf-Latein-1152x1536.jpeg 1152w, https:\/\/gymnasium-eckhorst.de\/homepage\/wp-content\/uploads\/2021\/01\/Bild-8-Asterix-auf-Latein-1536x2048.jpeg 1536w, https:\/\/gymnasium-eckhorst.de\/homepage\/wp-content\/uploads\/2021\/01\/Bild-8-Asterix-auf-Latein-1200x1600.jpeg 1200w, https:\/\/gymnasium-eckhorst.de\/homepage\/wp-content\/uploads\/2021\/01\/Bild-8-Asterix-auf-Latein-1980x2640.jpeg 1980w, https:\/\/gymnasium-eckhorst.de\/homepage\/wp-content\/uploads\/2021\/01\/Bild-8-Asterix-auf-Latein-scaled.jpeg 1920w\" sizes=\"(max-width: 768px) 100vw, 768px\" \/><\/figure>\n<\/figure>\n\n\n\n<p>\u00dcbersetzung der lateinischen Zitate:<br><em>\u201cNon scholae sed vitae discimus\u201d \u2013 \u201cNicht f\u00fcr die Schule, sondern f\u00fcr das Leben lernen wir.\u201d <\/em><br><em>\u201cPer aspera ad astra.\u201d \u2013&nbsp; \u201cDurch M\u00fchsal gelangt man zu den Sternen.\u201d <\/em><br><em>\u201cCui bono?\u201d \u2013 \u201cWem n\u00fctzt es?\u201d <\/em><br><em>\u201cVeni, vidi, vici\u201d \u2013 \u201cIch kam, sah und siegte.\u201d <\/em><br><em>\u201cFinis coronat opus.\u201d \u2013&nbsp; \u201cDas Ende kr\u00f6nt das Werk.\u201d<\/em><\/p>\n\n\n\n<hr class=\"wp-block-separator has-css-opacity\"\/>\n\n\n\n<h4 class=\"wp-block-heading\">Latein lernen &#8211; eine Welt entdecken<\/h4>\n\n\n\n<p>Zwei kurze Videos, die Latein als Fremdsprache vorstellen, finden Sie hier:<\/p>\n\n\n\n<div class=\"wp-block-columns alignwide is-layout-flex wp-container-core-columns-is-layout-9d6595d7 wp-block-columns-is-layout-flex\">\n<div class=\"wp-block-column is-layout-flow wp-block-column-is-layout-flow\"><div  id=\"_ytid_20967\" class=\"__youtube_prefs__  __youtube_prefs_gdpr__ \" allowfullscreen data-no-lazy=\"1\" data-skipgform_ajax_framebjll=\"\"><p><strong>Wir ben\u00f6tigen Ihre Zustimmung, um Ihnen dieses Video zeigen zu k\u00f6nnen.<\/strong><\/p>\n<p>Wenn Sie dieses Video ansehen, erkl\u00e4ren Sie sich damit einverstanden, Cookies und Daten von Youtube\/Google zu laden, was die \u00dcbermittlung Ihrer IP-Adresse voraussetzt. Genauere Informationen finden Sie hier:<\/p>\n<p><a href=\"https:\/\/policies.google.com\/privacy\" target=\"_blank\" rel=\"noopener\">YouTube\/Google Datenschutzerkl\u00e4rung<\/a><\/p>\n<p>Wenn Sie akzeptieren, wird Ihre Zustimmung \u00fcber einen Cookie gespeichert und die Seite wird neu geladen.<\/p>\n<button type=\"button\" class=\"__youtube_prefs_gdpr__\">Akzeptieren<img decoding=\"async\" src=\"https:\/\/gymnasium-eckhorst.de\/homepage\/wp-content\/plugins\/youtube-embed-plus\/images\/icon-check.png\" alt=\"accept\" data-no-lazy=\"1\" data-skipgform_ajax_framebjll=\"\" \/><\/button><\/div>\n\n\n<p>(mit freundlichem Dank an die Urheber Philipp Michel (K\u00e4the-Kollwitz-Schule Kiel) und Flemming Zunker (Lauenburgische Gelehrtenschule Ratzeburg))<\/p>\n<\/div>\n\n\n\n<div class=\"wp-block-column is-layout-flow wp-block-column-is-layout-flow\"><div  id=\"_ytid_21513\" class=\"__youtube_prefs__  __youtube_prefs_gdpr__ \" allowfullscreen data-no-lazy=\"1\" data-skipgform_ajax_framebjll=\"\"><p><strong>Wir ben\u00f6tigen Ihre Zustimmung, um Ihnen dieses Video zeigen zu k\u00f6nnen.<\/strong><\/p>\n<p>Wenn Sie dieses Video ansehen, erkl\u00e4ren Sie sich damit einverstanden, Cookies und Daten von Youtube\/Google zu laden, was die \u00dcbermittlung Ihrer IP-Adresse voraussetzt. Genauere Informationen finden Sie hier:<\/p>\n<p><a href=\"https:\/\/policies.google.com\/privacy\" target=\"_blank\" rel=\"noopener\">YouTube\/Google Datenschutzerkl\u00e4rung<\/a><\/p>\n<p>Wenn Sie akzeptieren, wird Ihre Zustimmung \u00fcber einen Cookie gespeichert und die Seite wird neu geladen.<\/p>\n<button type=\"button\" class=\"__youtube_prefs_gdpr__\">Akzeptieren<img decoding=\"async\" src=\"https:\/\/gymnasium-eckhorst.de\/homepage\/wp-content\/plugins\/youtube-embed-plus\/images\/icon-check.png\" alt=\"accept\" data-no-lazy=\"1\" data-skipgform_ajax_framebjll=\"\" \/><\/button><\/div>\n\n\n<p>(mit freundlichem Dank an den Urheber Lars Fengler (Domschule Schleswig))<\/p>\n<\/div>\n<\/div>\n\n\n\n<p>Eine Pr\u00e4sentation, die Latein kindgerecht vorstellt, finden Sie <a href=\"https:\/\/gymnasium-eckhorst.de\/homepage\/wp-content\/uploads\/2021\/03\/latein_lernen_ppp_ppt-2.pdf\" target=\"_blank\" rel=\"noreferrer noopener\">hier<\/a>.<\/p>\n\n\n<div class=\"wp-block-image\">\n<figure class=\"aligncenter size-large\"><a href=\"https:\/\/gymnasium-eckhorst.de\/homepage\/wp-content\/uploads\/2021\/03\/latein_lernen_ppp_ppt-2.pdf\" target=\"_blank\" rel=\"noopener\"><img loading=\"lazy\" decoding=\"async\" width=\"1024\" height=\"573\" src=\"https:\/\/gymnasium-eckhorst.de\/homepage\/wp-content\/uploads\/2021\/03\/latein-lernen-1024x573.png\" alt=\"\" class=\"wp-image-3159\" srcset=\"https:\/\/gymnasium-eckhorst.de\/homepage\/wp-content\/uploads\/2021\/03\/latein-lernen-1024x573.png 1024w, https:\/\/gymnasium-eckhorst.de\/homepage\/wp-content\/uploads\/2021\/03\/latein-lernen-300x168.png 300w, https:\/\/gymnasium-eckhorst.de\/homepage\/wp-content\/uploads\/2021\/03\/latein-lernen-768x430.png 768w, https:\/\/gymnasium-eckhorst.de\/homepage\/wp-content\/uploads\/2021\/03\/latein-lernen-1200x671.png 1200w, https:\/\/gymnasium-eckhorst.de\/homepage\/wp-content\/uploads\/2021\/03\/latein-lernen.png 1530w\" sizes=\"(max-width: 1024px) 100vw, 1024px\" \/><\/a><\/figure>\n<\/div>\n\n\n<hr class=\"wp-block-separator has-css-opacity\"\/>\n\n\n\n<h4 class=\"wp-block-heading\">Schulinterne Fachcurricula<\/h4>\n\n\n\n<p><em>Die unten aufgef\u00fchrten schulinternen Fachcurricula sind Kurzfassungen, die einen \u00dcberblick \u00fcber die Schwerpunkte, Besonderheiten und zu erbringenden Leistungsnachweise liefern sollen. Einzelheiten k\u00f6nnen bei den jeweiligen Fachlehrkr\u00e4ften erfragt werden.<\/em><\/p>\n\n\n\n<p class=\"has-text-align-center\"><a href=\"https:\/\/gymnasium-eckhorst.de\/homepage\/wp-content\/uploads\/2026\/03\/Latein-7_Stand-Februar-2026.pdf\" target=\"_blank\" rel=\"noreferrer noopener\">Klasse 7<\/a><\/p>\n\n\n\n<p class=\"has-text-align-center\"><a href=\"https:\/\/gymnasium-eckhorst.de\/homepage\/wp-content\/uploads\/2026\/03\/Latein-8_Stand-Februar-2026.pdf\" target=\"_blank\" rel=\"noreferrer noopener\">Klasse 8<\/a><\/p>\n\n\n\n<p class=\"has-text-align-center\"><a href=\"https:\/\/gymnasium-eckhorst.de\/homepage\/wp-content\/uploads\/2026\/03\/Latein-9_Stand-Februar-2026.pdf\" target=\"_blank\" rel=\"noreferrer noopener\">Klasse 9<\/a><\/p>\n\n\n\n<p class=\"has-text-align-center\"><a href=\"https:\/\/gymnasium-eckhorst.de\/homepage\/wp-content\/uploads\/2026\/03\/Latein-10_Stand-Februar-2026.pdf\" target=\"_blank\" rel=\"noreferrer noopener\">Klasse 10<\/a><\/p>\n","protected":false},"excerpt":{"rendered":"<p>SALVETE DISCIPULI DISCIPULAEQUE! F\u00fcr die meisten Menschen gilt Latein als Lernfach, viele ehemalige Lateinsch\u00fcler*innen erinnern sich an den Abl abs oder den AcI und klagen \u00fcber zu viel Auswendiglernen von Vokabeln und Grammatik. Dieser weit verbreiteten Meinung kann man leicht entgegensetzen, dass nicht nur beim Lernen von Latein, sondern auch bei anderen Fremdsprachen Vokabeln und [&hellip;]<\/p>\n","protected":false},"author":17,"featured_media":0,"parent":0,"menu_order":0,"comment_status":"closed","ping_status":"closed","template":"","meta":{"footnotes":""},"class_list":["post-1277","page","type-page","status-publish","hentry"],"_links":{"self":[{"href":"https:\/\/gymnasium-eckhorst.de\/homepage\/wp-json\/wp\/v2\/pages\/1277","targetHints":{"allow":["GET"]}}],"collection":[{"href":"https:\/\/gymnasium-eckhorst.de\/homepage\/wp-json\/wp\/v2\/pages"}],"about":[{"href":"https:\/\/gymnasium-eckhorst.de\/homepage\/wp-json\/wp\/v2\/types\/page"}],"author":[{"embeddable":true,"href":"https:\/\/gymnasium-eckhorst.de\/homepage\/wp-json\/wp\/v2\/users\/17"}],"replies":[{"embeddable":true,"href":"https:\/\/gymnasium-eckhorst.de\/homepage\/wp-json\/wp\/v2\/comments?post=1277"}],"version-history":[{"count":15,"href":"https:\/\/gymnasium-eckhorst.de\/homepage\/wp-json\/wp\/v2\/pages\/1277\/revisions"}],"predecessor-version":[{"id":18130,"href":"https:\/\/gymnasium-eckhorst.de\/homepage\/wp-json\/wp\/v2\/pages\/1277\/revisions\/18130"}],"wp:attachment":[{"href":"https:\/\/gymnasium-eckhorst.de\/homepage\/wp-json\/wp\/v2\/media?parent=1277"}],"curies":[{"name":"wp","href":"https:\/\/api.w.org\/{rel}","templated":true}]}}