{"id":1270,"date":"2020-07-25T13:14:50","date_gmt":"2020-07-25T11:14:50","guid":{"rendered":"https:\/\/gymnasium-eckhorst.de\/homepage\/?page_id=1270"},"modified":"2025-09-03T22:11:44","modified_gmt":"2025-09-03T20:11:44","slug":"deutsch","status":"publish","type":"page","link":"https:\/\/gymnasium-eckhorst.de\/homepage\/deutsch\/","title":{"rendered":"Deutsch"},"content":{"rendered":"\n<h4 class=\"wp-block-heading\"><br><strong>Mit Lesefibel und Schiefertafel&#8230;<\/strong><\/h4>\n\n\n\n<p>&#8230; sind wir nicht mehr unterwegs (es sei denn, wir befinden uns auf einer Exkursion ins Schulmuseum&#8230;!), aber das Wort, der Text und das Buch in all seinen Facetten &#8211; gesprochen und geschrieben, gesungen und rezitiert &#8211; bleiben im Wandel der Zeit in unserem Fokus.<\/p>\n\n\n\n<p>\u00dcbrigens: Jeder Mensch spricht im Durchschnitt 16 000 W\u00f6rter am Tag. So entsteht eine ganze Welt, die sich aus Buchstaben zusammensetzt und mit dieser besch\u00e4ftigen wir uns im Deutschunterricht.<\/p>\n\n\n\n<p>Die Fachschaft Deutsch soll und will unseren Sch\u00fcler*innen <em>eine grundlegende sprachliche Bildung vermitteln, damit sie in gegenw\u00e4rtigen und zuk\u00fcnftigen Lebenssituationen handlungsf\u00e4hig sind<\/em> (vgl. KMK Bildungsstandards). Dabei arbeiten wir nicht nur mit sondern auch zu neuen Medien. Egal ob literarischer Podcast, Buchtrailer oder digitales Lesetagebuch &#8211; unser gut ausgestattetes Medienzentrum macht es m\u00f6glich.&nbsp;&nbsp;<\/p>\n\n\n\n<p>Der Deutschunterricht am Gymnasium Eckhorst ist deutlich mehr als der bekannte Rechtschreib- und Grammatikunterricht: &nbsp;<\/p>\n\n\n\n<div class=\"wp-block-jetpack-slideshow aligncenter\" data-autoplay=\"true\" data-delay=\"4\" data-effect=\"slide\"><div class=\"wp-block-jetpack-slideshow_container swiper-container\"><ul class=\"wp-block-jetpack-slideshow_swiper-wrapper swiper-wrapper\"><li class=\"wp-block-jetpack-slideshow_slide swiper-slide\"><figure><img fetchpriority=\"high\" decoding=\"async\" width=\"1024\" height=\"576\" alt=\"\" class=\"wp-block-jetpack-slideshow_image wp-image-2237\" data-id=\"2237\" src=\"https:\/\/gymnasium-eckhorst.de\/homepage\/wp-content\/uploads\/2020\/10\/Welttag-des-Buches.jpg\" srcset=\"https:\/\/gymnasium-eckhorst.de\/homepage\/wp-content\/uploads\/2020\/10\/Welttag-des-Buches.jpg 1024w, https:\/\/gymnasium-eckhorst.de\/homepage\/wp-content\/uploads\/2020\/10\/Welttag-des-Buches-300x169.jpg 300w, https:\/\/gymnasium-eckhorst.de\/homepage\/wp-content\/uploads\/2020\/10\/Welttag-des-Buches-768x432.jpg 768w\" sizes=\"(max-width: 1024px) 100vw, 1024px\" \/><figcaption class=\"wp-block-jetpack-slideshow_caption gallery-caption\">Welttag des Buches (&#8222;Ich schenk dir eine Geschichte&#8220;)<\/figcaption><\/figure><\/li><li class=\"wp-block-jetpack-slideshow_slide swiper-slide\"><figure><img decoding=\"async\" width=\"1024\" height=\"683\" alt=\"\" class=\"wp-block-jetpack-slideshow_image wp-image-2235\" data-id=\"2235\" src=\"https:\/\/gymnasium-eckhorst.de\/homepage\/wp-content\/uploads\/2020\/10\/Vorlesetag.jpg\" srcset=\"https:\/\/gymnasium-eckhorst.de\/homepage\/wp-content\/uploads\/2020\/10\/Vorlesetag.jpg 1024w, https:\/\/gymnasium-eckhorst.de\/homepage\/wp-content\/uploads\/2020\/10\/Vorlesetag-300x200.jpg 300w, https:\/\/gymnasium-eckhorst.de\/homepage\/wp-content\/uploads\/2020\/10\/Vorlesetag-768x512.jpg 768w\" sizes=\"(max-width: 1024px) 100vw, 1024px\" \/><figcaption class=\"wp-block-jetpack-slideshow_caption gallery-caption\">Vorlesetag<\/figcaption><\/figure><\/li><li class=\"wp-block-jetpack-slideshow_slide swiper-slide\"><figure><img decoding=\"async\" width=\"800\" height=\"600\" alt=\"\" class=\"wp-block-jetpack-slideshow_image wp-image-2236\" data-id=\"2236\" src=\"https:\/\/gymnasium-eckhorst.de\/homepage\/wp-content\/uploads\/2020\/10\/Vorlesewettbewerb.jpg\" srcset=\"https:\/\/gymnasium-eckhorst.de\/homepage\/wp-content\/uploads\/2020\/10\/Vorlesewettbewerb.jpg 800w, https:\/\/gymnasium-eckhorst.de\/homepage\/wp-content\/uploads\/2020\/10\/Vorlesewettbewerb-300x225.jpg 300w, https:\/\/gymnasium-eckhorst.de\/homepage\/wp-content\/uploads\/2020\/10\/Vorlesewettbewerb-768x576.jpg 768w\" sizes=\"(max-width: 800px) 100vw, 800px\" \/><figcaption class=\"wp-block-jetpack-slideshow_caption gallery-caption\">Vorlesewettbewerb<\/figcaption><\/figure><\/li><li class=\"wp-block-jetpack-slideshow_slide swiper-slide\"><figure><img loading=\"lazy\" decoding=\"async\" width=\"779\" height=\"720\" alt=\"\" class=\"wp-block-jetpack-slideshow_image wp-image-2226\" data-id=\"2226\" src=\"https:\/\/gymnasium-eckhorst.de\/homepage\/wp-content\/uploads\/2020\/10\/Besuch-der-Stadtbibliothek.jpg\" srcset=\"https:\/\/gymnasium-eckhorst.de\/homepage\/wp-content\/uploads\/2020\/10\/Besuch-der-Stadtbibliothek.jpg 779w, https:\/\/gymnasium-eckhorst.de\/homepage\/wp-content\/uploads\/2020\/10\/Besuch-der-Stadtbibliothek-300x277.jpg 300w, https:\/\/gymnasium-eckhorst.de\/homepage\/wp-content\/uploads\/2020\/10\/Besuch-der-Stadtbibliothek-768x710.jpg 768w\" sizes=\"(max-width: 779px) 100vw, 779px\" \/><figcaption class=\"wp-block-jetpack-slideshow_caption gallery-caption\">Besuch der Stadtbibliothek<\/figcaption><\/figure><\/li><li class=\"wp-block-jetpack-slideshow_slide swiper-slide\"><figure><img loading=\"lazy\" decoding=\"async\" width=\"1815\" height=\"2560\" alt=\"\" class=\"wp-block-jetpack-slideshow_image wp-image-2225\" data-id=\"2225\" src=\"https:\/\/gymnasium-eckhorst.de\/homepage\/wp-content\/uploads\/2020\/10\/Autorenlesung-scaled.jpg\" srcset=\"https:\/\/gymnasium-eckhorst.de\/homepage\/wp-content\/uploads\/2020\/10\/Autorenlesung-scaled.jpg 1815w, https:\/\/gymnasium-eckhorst.de\/homepage\/wp-content\/uploads\/2020\/10\/Autorenlesung-213x300.jpg 213w, https:\/\/gymnasium-eckhorst.de\/homepage\/wp-content\/uploads\/2020\/10\/Autorenlesung-726x1024.jpg 726w, https:\/\/gymnasium-eckhorst.de\/homepage\/wp-content\/uploads\/2020\/10\/Autorenlesung-768x1083.jpg 768w, https:\/\/gymnasium-eckhorst.de\/homepage\/wp-content\/uploads\/2020\/10\/Autorenlesung-1089x1536.jpg 1089w, https:\/\/gymnasium-eckhorst.de\/homepage\/wp-content\/uploads\/2020\/10\/Autorenlesung-1452x2048.jpg 1452w, https:\/\/gymnasium-eckhorst.de\/homepage\/wp-content\/uploads\/2020\/10\/Autorenlesung-1200x1693.jpg 1200w, https:\/\/gymnasium-eckhorst.de\/homepage\/wp-content\/uploads\/2020\/10\/Autorenlesung-1980x2793.jpg 1980w\" sizes=\"(max-width: 1815px) 100vw, 1815px\" \/><figcaption class=\"wp-block-jetpack-slideshow_caption gallery-caption\">Autorenlesung in der Kuhle<\/figcaption><\/figure><\/li><li class=\"wp-block-jetpack-slideshow_slide swiper-slide\"><figure><img loading=\"lazy\" decoding=\"async\" width=\"797\" height=\"720\" alt=\"\" class=\"wp-block-jetpack-slideshow_image wp-image-2229\" data-id=\"2229\" src=\"https:\/\/gymnasium-eckhorst.de\/homepage\/wp-content\/uploads\/2020\/10\/Klassenzimmertheater.jpg\" srcset=\"https:\/\/gymnasium-eckhorst.de\/homepage\/wp-content\/uploads\/2020\/10\/Klassenzimmertheater.jpg 797w, https:\/\/gymnasium-eckhorst.de\/homepage\/wp-content\/uploads\/2020\/10\/Klassenzimmertheater-300x271.jpg 300w, https:\/\/gymnasium-eckhorst.de\/homepage\/wp-content\/uploads\/2020\/10\/Klassenzimmertheater-768x694.jpg 768w\" sizes=\"(max-width: 797px) 100vw, 797px\" \/><figcaption class=\"wp-block-jetpack-slideshow_caption gallery-caption\">Klassenzimmertheater<\/figcaption><\/figure><\/li><li class=\"wp-block-jetpack-slideshow_slide swiper-slide\"><figure><img loading=\"lazy\" decoding=\"async\" width=\"1024\" height=\"683\" alt=\"\" class=\"wp-block-jetpack-slideshow_image wp-image-2231\" data-id=\"2231\" src=\"https:\/\/gymnasium-eckhorst.de\/homepage\/wp-content\/uploads\/2020\/10\/Poetryslam.jpg\" srcset=\"https:\/\/gymnasium-eckhorst.de\/homepage\/wp-content\/uploads\/2020\/10\/Poetryslam.jpg 1024w, https:\/\/gymnasium-eckhorst.de\/homepage\/wp-content\/uploads\/2020\/10\/Poetryslam-300x200.jpg 300w, https:\/\/gymnasium-eckhorst.de\/homepage\/wp-content\/uploads\/2020\/10\/Poetryslam-768x512.jpg 768w\" sizes=\"(max-width: 1024px) 100vw, 1024px\" \/><figcaption class=\"wp-block-jetpack-slideshow_caption gallery-caption\">Ann\u00e4herung an moderne Lyrik durch Poetry-Slammer, die den Unterricht besuchen<\/figcaption><\/figure><\/li><li class=\"wp-block-jetpack-slideshow_slide swiper-slide\"><figure><img loading=\"lazy\" decoding=\"async\" width=\"960\" height=\"689\" alt=\"\" class=\"wp-block-jetpack-slideshow_image wp-image-2227\" data-id=\"2227\" src=\"https:\/\/gymnasium-eckhorst.de\/homepage\/wp-content\/uploads\/2020\/10\/Besuch-von-Theaterauffuehrungen.jpg\" srcset=\"https:\/\/gymnasium-eckhorst.de\/homepage\/wp-content\/uploads\/2020\/10\/Besuch-von-Theaterauffuehrungen.jpg 960w, https:\/\/gymnasium-eckhorst.de\/homepage\/wp-content\/uploads\/2020\/10\/Besuch-von-Theaterauffuehrungen-300x215.jpg 300w, https:\/\/gymnasium-eckhorst.de\/homepage\/wp-content\/uploads\/2020\/10\/Besuch-von-Theaterauffuehrungen-768x551.jpg 768w\" sizes=\"(max-width: 960px) 100vw, 960px\" \/><figcaption class=\"wp-block-jetpack-slideshow_caption gallery-caption\">Besuch von Theaterauff\u00fchrungen (z.B. Weihnachtsm\u00e4rchen), Poetry-Slam-Veranstaltungen, etc. au\u00dferhalb der Schule<\/figcaption><\/figure><\/li><li class=\"wp-block-jetpack-slideshow_slide swiper-slide\"><figure><img loading=\"lazy\" decoding=\"async\" width=\"960\" height=\"640\" alt=\"\" class=\"wp-block-jetpack-slideshow_image wp-image-2234\" data-id=\"2234\" src=\"https:\/\/gymnasium-eckhorst.de\/homepage\/wp-content\/uploads\/2020\/10\/Verfassen-von-Texten-fuer-die-Homepage.jpg\" srcset=\"https:\/\/gymnasium-eckhorst.de\/homepage\/wp-content\/uploads\/2020\/10\/Verfassen-von-Texten-fuer-die-Homepage.jpg 960w, https:\/\/gymnasium-eckhorst.de\/homepage\/wp-content\/uploads\/2020\/10\/Verfassen-von-Texten-fuer-die-Homepage-300x200.jpg 300w, https:\/\/gymnasium-eckhorst.de\/homepage\/wp-content\/uploads\/2020\/10\/Verfassen-von-Texten-fuer-die-Homepage-768x512.jpg 768w\" sizes=\"(max-width: 960px) 100vw, 960px\" \/><figcaption class=\"wp-block-jetpack-slideshow_caption gallery-caption\">Verfassen von Texten f\u00fcr die Homepage<\/figcaption><\/figure><\/li><li class=\"wp-block-jetpack-slideshow_slide swiper-slide\"><figure><img loading=\"lazy\" decoding=\"async\" width=\"800\" height=\"449\" alt=\"\" class=\"wp-block-jetpack-slideshow_image wp-image-2233\" data-id=\"2233\" src=\"https:\/\/gymnasium-eckhorst.de\/homepage\/wp-content\/uploads\/2020\/10\/Sprachdusche.jpg\" srcset=\"https:\/\/gymnasium-eckhorst.de\/homepage\/wp-content\/uploads\/2020\/10\/Sprachdusche.jpg 800w, https:\/\/gymnasium-eckhorst.de\/homepage\/wp-content\/uploads\/2020\/10\/Sprachdusche-300x168.jpg 300w, https:\/\/gymnasium-eckhorst.de\/homepage\/wp-content\/uploads\/2020\/10\/Sprachdusche-768x431.jpg 768w\" sizes=\"(max-width: 800px) 100vw, 800px\" \/><figcaption class=\"wp-block-jetpack-slideshow_caption gallery-caption\">Best\u00fccken der bekannten Bargteheider Sprachdusche in der Rathausstra\u00dfe<\/figcaption><\/figure><\/li><li class=\"wp-block-jetpack-slideshow_slide swiper-slide\"><figure><img loading=\"lazy\" decoding=\"async\" width=\"787\" height=\"720\" alt=\"\" class=\"wp-block-jetpack-slideshow_image wp-image-2238\" data-id=\"2238\" src=\"https:\/\/gymnasium-eckhorst.de\/homepage\/wp-content\/uploads\/2020\/10\/ZiSch.jpg\" srcset=\"https:\/\/gymnasium-eckhorst.de\/homepage\/wp-content\/uploads\/2020\/10\/ZiSch.jpg 787w, https:\/\/gymnasium-eckhorst.de\/homepage\/wp-content\/uploads\/2020\/10\/ZiSch-300x274.jpg 300w, https:\/\/gymnasium-eckhorst.de\/homepage\/wp-content\/uploads\/2020\/10\/ZiSch-768x703.jpg 768w\" sizes=\"(max-width: 787px) 100vw, 787px\" \/><figcaption class=\"wp-block-jetpack-slideshow_caption gallery-caption\">ZiSch (Zeitung in der Schule)<\/figcaption><\/figure><\/li><li class=\"wp-block-jetpack-slideshow_slide swiper-slide\"><figure><img loading=\"lazy\" decoding=\"async\" width=\"960\" height=\"623\" alt=\"\" class=\"wp-block-jetpack-slideshow_image wp-image-2232\" data-id=\"2232\" src=\"https:\/\/gymnasium-eckhorst.de\/homepage\/wp-content\/uploads\/2020\/10\/Schulkinowoche.jpg\" srcset=\"https:\/\/gymnasium-eckhorst.de\/homepage\/wp-content\/uploads\/2020\/10\/Schulkinowoche.jpg 960w, https:\/\/gymnasium-eckhorst.de\/homepage\/wp-content\/uploads\/2020\/10\/Schulkinowoche-300x195.jpg 300w, https:\/\/gymnasium-eckhorst.de\/homepage\/wp-content\/uploads\/2020\/10\/Schulkinowoche-768x498.jpg 768w\" sizes=\"(max-width: 960px) 100vw, 960px\" \/><figcaption class=\"wp-block-jetpack-slideshow_caption gallery-caption\">Schulkinowoche<\/figcaption><\/figure><\/li><li class=\"wp-block-jetpack-slideshow_slide swiper-slide\"><figure><img loading=\"lazy\" decoding=\"async\" width=\"960\" height=\"640\" alt=\"\" class=\"wp-block-jetpack-slideshow_image wp-image-2228\" data-id=\"2228\" src=\"https:\/\/gymnasium-eckhorst.de\/homepage\/wp-content\/uploads\/2020\/10\/Exkursionen.jpg\" srcset=\"https:\/\/gymnasium-eckhorst.de\/homepage\/wp-content\/uploads\/2020\/10\/Exkursionen.jpg 960w, https:\/\/gymnasium-eckhorst.de\/homepage\/wp-content\/uploads\/2020\/10\/Exkursionen-300x200.jpg 300w, https:\/\/gymnasium-eckhorst.de\/homepage\/wp-content\/uploads\/2020\/10\/Exkursionen-768x512.jpg 768w\" sizes=\"(max-width: 960px) 100vw, 960px\" \/><figcaption class=\"wp-block-jetpack-slideshow_caption gallery-caption\">Exkursionen (z.B. Buddenbrookhaus, Grasshaus in L\u00fcbeck)<\/figcaption><\/figure><\/li><li class=\"wp-block-jetpack-slideshow_slide swiper-slide\"><figure><img loading=\"lazy\" decoding=\"async\" width=\"960\" height=\"486\" alt=\"\" class=\"wp-block-jetpack-slideshow_image wp-image-2230\" data-id=\"2230\" src=\"https:\/\/gymnasium-eckhorst.de\/homepage\/wp-content\/uploads\/2020\/10\/LRS-Foerderung.png\" srcset=\"https:\/\/gymnasium-eckhorst.de\/homepage\/wp-content\/uploads\/2020\/10\/LRS-Foerderung.png 960w, https:\/\/gymnasium-eckhorst.de\/homepage\/wp-content\/uploads\/2020\/10\/LRS-Foerderung-300x152.png 300w, https:\/\/gymnasium-eckhorst.de\/homepage\/wp-content\/uploads\/2020\/10\/LRS-Foerderung-768x389.png 768w\" sizes=\"(max-width: 960px) 100vw, 960px\" \/><figcaption class=\"wp-block-jetpack-slideshow_caption gallery-caption\">LRS-F\u00f6rderung f\u00fcr die Jahrg\u00e4nge 5 bis 8<\/figcaption><\/figure><\/li><\/ul><a class=\"wp-block-jetpack-slideshow_button-prev swiper-button-prev swiper-button-white\" role=\"button\"><\/a><a class=\"wp-block-jetpack-slideshow_button-next swiper-button-next swiper-button-white\" role=\"button\"><\/a><a aria-label=\"Pause Slideshow\" class=\"wp-block-jetpack-slideshow_button-pause\" role=\"button\"><\/a><div class=\"wp-block-jetpack-slideshow_pagination swiper-pagination swiper-pagination-white\"><\/div><\/div><\/div>\n\n\n\n<p>Von Goethe bis Julia Engelmann, von Renaissance bis zur Gegenwart, vom Haiku bis zur Ballade, von \u201eRico, Oskar und die Tieferschatten\u201c bis zu \u201eFaust\u201c \u2013 bei einer solchen Vielfalt entdeckst sicher auch du den Spa\u00df am Deutschunterricht.<\/p>\n\n\n\n<hr class=\"wp-block-separator has-css-opacity\"\/>\n\n\n\n<h4 class=\"wp-block-heading\">Schulinterne Fachcurricula<\/h4>\n\n\n\n<p><em>Die unten aufgef\u00fchrten schulinternen Fachcurricula sind Kurzfassungen, die einen \u00dcberblick \u00fcber die Schwerpunkte, Besonderheiten und zu erbringenden Leistungsnachweise liefern sollen. Einzelheiten k\u00f6nnen bei den jeweiligen Fachlehrkr\u00e4ften erfragt werden.<\/em><\/p>\n\n\n\n<p class=\"has-text-align-center\"><a href=\"https:\/\/gymnasium-eckhorst.de\/homepage\/wp-content\/uploads\/2025\/09\/Kurzcurriculum-Deutsch-5.pdf\" data-type=\"attachment\" data-id=\"17368\">Klasse 5<\/a><\/p>\n\n\n\n<p class=\"has-text-align-center\"><a href=\"https:\/\/gymnasium-eckhorst.de\/homepage\/wp-content\/uploads\/2025\/09\/Kurzcurriculum-Deutsch-6.pdf\" data-type=\"attachment\" data-id=\"17369\">Klasse 6<\/a><\/p>\n\n\n\n<p class=\"has-text-align-center\"><a href=\"https:\/\/gymnasium-eckhorst.de\/homepage\/wp-content\/uploads\/2025\/09\/Kurzcurriculum-Deutsch-7.pdf\" data-type=\"attachment\" data-id=\"17370\">Klasse 7<\/a><\/p>\n\n\n\n<p class=\"has-text-align-center\"><a href=\"https:\/\/gymnasium-eckhorst.de\/homepage\/wp-content\/uploads\/2025\/09\/Kurzcurriculum-Deutsch-8.pdf\" data-type=\"attachment\" data-id=\"17371\">Klasse 8<\/a><\/p>\n\n\n\n<p class=\"has-text-align-center\"><a href=\"https:\/\/gymnasium-eckhorst.de\/homepage\/wp-content\/uploads\/2025\/09\/Kurzcurriculum-Deutsch-9.pdf\" data-type=\"attachment\" data-id=\"17372\">Klasse 9<\/a><\/p>\n\n\n\n<p class=\"has-text-align-center\"><a href=\"https:\/\/gymnasium-eckhorst.de\/homepage\/wp-content\/uploads\/2025\/09\/Kurzcurriculum-Deutsch-10.pdf\" data-type=\"attachment\" data-id=\"17373\">Klasse 10<\/a><\/p>\n","protected":false},"excerpt":{"rendered":"<p>Mit Lesefibel und Schiefertafel&#8230; &#8230; sind wir nicht mehr unterwegs (es sei denn, wir befinden uns auf einer Exkursion ins Schulmuseum&#8230;!), aber das Wort, der Text und das Buch in all seinen Facetten &#8211; gesprochen und geschrieben, gesungen und rezitiert &#8211; bleiben im Wandel der Zeit in unserem Fokus. \u00dcbrigens: Jeder Mensch spricht im Durchschnitt [&hellip;]<\/p>\n","protected":false},"author":17,"featured_media":0,"parent":0,"menu_order":0,"comment_status":"closed","ping_status":"closed","template":"","meta":{"footnotes":""},"class_list":["post-1270","page","type-page","status-publish","hentry"],"_links":{"self":[{"href":"https:\/\/gymnasium-eckhorst.de\/homepage\/wp-json\/wp\/v2\/pages\/1270","targetHints":{"allow":["GET"]}}],"collection":[{"href":"https:\/\/gymnasium-eckhorst.de\/homepage\/wp-json\/wp\/v2\/pages"}],"about":[{"href":"https:\/\/gymnasium-eckhorst.de\/homepage\/wp-json\/wp\/v2\/types\/page"}],"author":[{"embeddable":true,"href":"https:\/\/gymnasium-eckhorst.de\/homepage\/wp-json\/wp\/v2\/users\/17"}],"replies":[{"embeddable":true,"href":"https:\/\/gymnasium-eckhorst.de\/homepage\/wp-json\/wp\/v2\/comments?post=1270"}],"version-history":[{"count":8,"href":"https:\/\/gymnasium-eckhorst.de\/homepage\/wp-json\/wp\/v2\/pages\/1270\/revisions"}],"predecessor-version":[{"id":17374,"href":"https:\/\/gymnasium-eckhorst.de\/homepage\/wp-json\/wp\/v2\/pages\/1270\/revisions\/17374"}],"wp:attachment":[{"href":"https:\/\/gymnasium-eckhorst.de\/homepage\/wp-json\/wp\/v2\/media?parent=1270"}],"curies":[{"name":"wp","href":"https:\/\/api.w.org\/{rel}","templated":true}]}}